{"id":1535,"date":"2025-05-08T22:36:24","date_gmt":"2025-05-08T20:36:24","guid":{"rendered":"https:\/\/musing-visvesvaraya.185-87-21-9.plesk.page\/?page_id=1535"},"modified":"2025-08-23T20:38:23","modified_gmt":"2025-08-23T18:38:23","slug":"haarpigmentierung-bei-slawa-savin-scalp-micropigmentation-in-paderborn","status":"publish","type":"page","link":"https:\/\/slawa-savin.de\/index.php\/haarpigmentierung-bei-slawa-savin-scalp-micropigmentation-in-paderborn\/","title":{"rendered":"Haarpigmentierung"},"content":{"rendered":"\t\t<div data-elementor-type=\"wp-page\" data-elementor-id=\"1535\" class=\"elementor elementor-1535\" data-elementor-post-type=\"page\">\n\t\t\t\t<div class=\"elementor-element elementor-element-3c930910 e-con-full elementor-hidden-desktop elementor-hidden-tablet e-flex e-con e-parent\" data-id=\"3c930910\" data-element_type=\"container\" data-e-type=\"container\" data-settings=\"{&quot;background_background&quot;:&quot;classic&quot;}\">\n\t\t\t\t<div class=\"elementor-element elementor-element-34845393 elementor-widget__width-inherit elementor-invisible elementor-widget elementor-widget-text-editor\" data-id=\"34845393\" data-element_type=\"widget\" data-e-type=\"widget\" data-settings=\"{&quot;_animation&quot;:&quot;fadeIn&quot;}\" data-widget_type=\"text-editor.default\">\n\t\t\t\t<div class=\"elementor-widget-container\">\n\t\t\t\t\t\t\t\t\t<p>HAARPIGMENTIERUNG<\/p>\t\t\t\t\t\t\t\t<\/div>\n\t\t\t\t<\/div>\n\t\t\t\t<div class=\"elementor-element elementor-element-85f8769 elementor-widget__width-initial elementor-widget-mobile__width-initial elementor-invisible elementor-widget elementor-widget-elementskit-heading\" data-id=\"85f8769\" data-element_type=\"widget\" data-e-type=\"widget\" data-settings=\"{&quot;_animation&quot;:&quot;fadeIn&quot;,&quot;_animation_delay&quot;:200}\" data-widget_type=\"elementskit-heading.default\">\n\t\t\t\t<div class=\"elementor-widget-container\">\n\t\t\t\t\t<div class=\"ekit-wid-con\" ><div class=\"ekit-heading elementskit-section-title-wraper text_left   ekit_heading_tablet-   ekit_heading_mobile-text_left\"><h1 class=\"ekit-heading--title elementskit-section-title \">Zur\u00fcck <span><span>zu Dir<\/span><\/span><\/h1><\/div><\/div>\t\t\t\t<\/div>\n\t\t\t\t<\/div>\n\t\t\t\t<div class=\"elementor-element elementor-element-575d86ac elementor-widget__width-initial elementor-widget elementor-widget-text-editor\" data-id=\"575d86ac\" data-element_type=\"widget\" data-e-type=\"widget\" data-widget_type=\"text-editor.default\">\n\t\t\t\t<div class=\"elementor-widget-container\">\n\t\t\t\t\t\t\t\t\t<p class=\"p1\"><em>Haarpigmentierung ist mehr als nur Optik. Sie gibt dir das was du irgendwann im Spiegel verloren hast &#8211; dein Selbstvertrauen.\u00a0<\/em><\/p>\t\t\t\t\t\t\t\t<\/div>\n\t\t\t\t<\/div>\n\t\t\t\t<div class=\"elementor-element elementor-element-6d09c6c9 elementor-invisible elementor-widget elementor-widget-button\" data-id=\"6d09c6c9\" data-element_type=\"widget\" data-e-type=\"widget\" data-settings=\"{&quot;_animation&quot;:&quot;fadeIn&quot;,&quot;_animation_delay&quot;:600}\" data-widget_type=\"button.default\">\n\t\t\t\t<div class=\"elementor-widget-container\">\n\t\t\t\t\t\t\t\t\t<div class=\"elementor-button-wrapper\">\n\t\t\t\t\t<a class=\"elementor-button elementor-size-sm\" role=\"button\">\n\t\t\t\t\t\t<span class=\"elementor-button-content-wrapper\">\n\t\t\t\t\t\t\t\t\t<span class=\"elementor-button-text\">Unverbindlich Beraten lassen<\/span>\n\t\t\t\t\t<\/span>\n\t\t\t\t\t<\/a>\n\t\t\t\t<\/div>\n\t\t\t\t\t\t\t\t<\/div>\n\t\t\t\t<\/div>\n\t\t\t\t<\/div>\n\t\t<div class=\"elementor-element elementor-element-9170a1f e-con-full elementor-hidden-mobile e-flex e-con e-parent\" data-id=\"9170a1f\" data-element_type=\"container\" data-e-type=\"container\" data-settings=\"{&quot;background_background&quot;:&quot;classic&quot;}\">\n\t\t\t\t<div class=\"elementor-element elementor-element-1ba377f elementor-widget__width-inherit elementor-invisible elementor-widget elementor-widget-text-editor\" data-id=\"1ba377f\" data-element_type=\"widget\" data-e-type=\"widget\" data-settings=\"{&quot;_animation&quot;:&quot;fadeIn&quot;}\" data-widget_type=\"text-editor.default\">\n\t\t\t\t<div class=\"elementor-widget-container\">\n\t\t\t\t\t\t\t\t\t<p>HAARPIGMENTIERUNG<\/p>\t\t\t\t\t\t\t\t<\/div>\n\t\t\t\t<\/div>\n\t\t\t\t<div class=\"elementor-element elementor-element-4be1938 elementor-widget__width-initial elementor-invisible elementor-widget elementor-widget-elementskit-heading\" data-id=\"4be1938\" data-element_type=\"widget\" data-e-type=\"widget\" data-settings=\"{&quot;_animation&quot;:&quot;fadeIn&quot;,&quot;_animation_delay&quot;:200}\" data-widget_type=\"elementskit-heading.default\">\n\t\t\t\t<div class=\"elementor-widget-container\">\n\t\t\t\t\t<div class=\"ekit-wid-con\" ><div class=\"ekit-heading elementskit-section-title-wraper text_left   ekit_heading_tablet-   ekit_heading_mobile-\"><h1 class=\"ekit-heading--title elementskit-section-title \">Zur\u00fcck <span><span>zu Dir<\/span><\/span><\/h1><\/div><\/div>\t\t\t\t<\/div>\n\t\t\t\t<\/div>\n\t\t\t\t<div class=\"elementor-element elementor-element-4170882 elementor-widget__width-initial elementor-widget elementor-widget-text-editor\" data-id=\"4170882\" data-element_type=\"widget\" data-e-type=\"widget\" data-widget_type=\"text-editor.default\">\n\t\t\t\t<div class=\"elementor-widget-container\">\n\t\t\t\t\t\t\t\t\t<p class=\"p1\"><em>Haarpigmentierung ist mehr als nur Optik. Sie gibt dir das was du irgendwann im Spiegel verloren hast &#8211; dein Selbstvertrauen.\u00a0<\/em><\/p>\t\t\t\t\t\t\t\t<\/div>\n\t\t\t\t<\/div>\n\t\t\t\t<div class=\"elementor-element elementor-element-acfa354 elementor-invisible elementor-widget elementor-widget-button\" data-id=\"acfa354\" data-element_type=\"widget\" data-e-type=\"widget\" data-settings=\"{&quot;_animation&quot;:&quot;fadeIn&quot;,&quot;_animation_delay&quot;:600}\" data-widget_type=\"button.default\">\n\t\t\t\t<div class=\"elementor-widget-container\">\n\t\t\t\t\t\t\t\t\t<div class=\"elementor-button-wrapper\">\n\t\t\t\t\t<a class=\"elementor-button elementor-size-sm\" role=\"button\">\n\t\t\t\t\t\t<span class=\"elementor-button-content-wrapper\">\n\t\t\t\t\t\t\t\t\t<span class=\"elementor-button-text\">Unverbindlich Beraten lassen<\/span>\n\t\t\t\t\t<\/span>\n\t\t\t\t\t<\/a>\n\t\t\t\t<\/div>\n\t\t\t\t\t\t\t\t<\/div>\n\t\t\t\t<\/div>\n\t\t\t\t<\/div>\n\t\t<div class=\"elementor-element elementor-element-153da935 animated-slow elementor-hidden-desktop elementor-hidden-tablet elementor-hidden-mobile e-flex e-con-boxed elementor-invisible e-con e-child\" data-id=\"153da935\" data-element_type=\"container\" data-e-type=\"container\" data-settings=\"{&quot;background_background&quot;:&quot;classic&quot;,&quot;animation&quot;:&quot;fadeIn&quot;}\">\n\t\t\t\t\t<div class=\"e-con-inner\">\n\t\t\t\t<div class=\"elementor-element elementor-element-43b895cb elementor-widget-divider--view-line elementor-widget elementor-widget-divider\" data-id=\"43b895cb\" data-element_type=\"widget\" data-e-type=\"widget\" data-widget_type=\"divider.default\">\n\t\t\t\t<div class=\"elementor-widget-container\">\n\t\t\t\t\t\t\t<div class=\"elementor-divider\">\n\t\t\t<span class=\"elementor-divider-separator\">\n\t\t\t\t\t\t<\/span>\n\t\t<\/div>\n\t\t\t\t\t\t<\/div>\n\t\t\t\t<\/div>\n\t\t<div class=\"elementor-element elementor-element-1cfe0396 e-flex e-con-boxed e-con e-child\" data-id=\"1cfe0396\" data-element_type=\"container\" data-e-type=\"container\" data-settings=\"{&quot;background_background&quot;:&quot;video&quot;,&quot;background_video_link&quot;:&quot;https:\\\/\\\/www.youtube.com\\\/watch?v=CT5fxdTUtMI&quot;,&quot;background_video_start&quot;:8,&quot;background_video_end&quot;:20}\">\n\t\t\t\t\t<div class=\"e-con-inner\">\n\t\t<div class=\"elementor-background-video-container elementor-hidden-mobile\">\n\t\t\t\t\t\t\t<div class=\"elementor-background-video-embed\" role=\"presentation\"><\/div>\n\t\t\t\t\t\t<\/div>\t\t\t<\/div>\n\t\t\t\t<\/div>\n\t\t\t\t\t<\/div>\n\t\t\t\t<\/div>\n\t\t<div class=\"elementor-element elementor-element-6ac3669c e-flex e-con-boxed e-con e-parent\" data-id=\"6ac3669c\" data-element_type=\"container\" data-e-type=\"container\">\n\t\t\t\t\t<div class=\"e-con-inner\">\n\t\t\t\t<div class=\"elementor-element elementor-element-1f73151c elementor-widget__width-inherit elementor-invisible elementor-widget elementor-widget-text-editor\" data-id=\"1f73151c\" data-element_type=\"widget\" data-e-type=\"widget\" data-settings=\"{&quot;_animation&quot;:&quot;fadeIn&quot;}\" data-widget_type=\"text-editor.default\">\n\t\t\t\t<div class=\"elementor-widget-container\">\n\t\t\t\t\t\t\t\t\t<p>Haarpigmentierung\u00a0<\/p>\t\t\t\t\t\t\t\t<\/div>\n\t\t\t\t<\/div>\n\t\t\t\t<div class=\"elementor-element elementor-element-3a64caa5 elementor-invisible elementor-widget elementor-widget-elementskit-heading\" data-id=\"3a64caa5\" data-element_type=\"widget\" data-e-type=\"widget\" data-settings=\"{&quot;_animation&quot;:&quot;fadeIn&quot;,&quot;_animation_delay&quot;:200}\" data-widget_type=\"elementskit-heading.default\">\n\t\t\t\t<div class=\"elementor-widget-container\">\n\t\t\t\t\t<div class=\"ekit-wid-con\" ><div class=\"ekit-heading elementskit-section-title-wraper text_center   ekit_heading_tablet-   ekit_heading_mobile-\"><h2 class=\"ekit-heading--title elementskit-section-title \">Was ist eine <span><span>Haarpigmentierung?<\/span><\/span><\/h2><\/div><\/div>\t\t\t\t<\/div>\n\t\t\t\t<\/div>\n\t\t\t\t<div class=\"elementor-element elementor-element-6a1556fd elementor-widget__width-initial elementor-widget elementor-widget-text-editor\" data-id=\"6a1556fd\" data-element_type=\"widget\" data-e-type=\"widget\" data-widget_type=\"text-editor.default\">\n\t\t\t\t<div class=\"elementor-widget-container\">\n\t\t\t\t\t\t\t\t\t<p class=\"p1\"><span class=\"s1\"><b>Haarpigmentierung (Scalp Micropigmentation)<\/b><\/span> ist ein modernes, kosmetisches Verfahren, bei dem mikrofeine Pigmente pr\u00e4zise in die oberste Hautschicht der Kopfhaut eingebracht werden.<\/p><p class=\"p1\">Die optische Illusion von echtem Haar entsteht durch die pr\u00e4zise Pigmentierung, sei es als gleichm\u00e4\u00dfiger Kurzhaarschnitt oder zur gezielten Verdichtung bei lichtem Haar.<\/p>\t\t\t\t\t\t\t\t<\/div>\n\t\t\t\t<\/div>\n\t\t<div class=\"elementor-element elementor-element-5ecb212f e-con-full e-flex e-con e-child\" data-id=\"5ecb212f\" data-element_type=\"container\" data-e-type=\"container\">\n\t\t\t\t<div class=\"elementor-element elementor-element-245dd607 elementor-align-center elementor-invisible elementor-widget elementor-widget-button\" data-id=\"245dd607\" data-element_type=\"widget\" data-e-type=\"widget\" data-settings=\"{&quot;_animation&quot;:&quot;fadeIn&quot;,&quot;_animation_delay&quot;:400}\" data-widget_type=\"button.default\">\n\t\t\t\t<div class=\"elementor-widget-container\">\n\t\t\t\t\t\t\t\t\t<div class=\"elementor-button-wrapper\">\n\t\t\t\t\t<a class=\"elementor-button elementor-button-link elementor-size-sm\" href=\"https:\/\/slawa-savin.de\/index.php\/online-terminvereinbarung-bei-slawa-savin-permanent-make-up-studio\/\">\n\t\t\t\t\t\t<span class=\"elementor-button-content-wrapper\">\n\t\t\t\t\t\t\t\t\t<span class=\"elementor-button-text\">Termin Buchen<\/span>\n\t\t\t\t\t<\/span>\n\t\t\t\t\t<\/a>\n\t\t\t\t<\/div>\n\t\t\t\t\t\t\t\t<\/div>\n\t\t\t\t<\/div>\n\t\t\t\t<div class=\"elementor-element elementor-element-d0c9a46 elementor-align-center elementor-invisible elementor-widget elementor-widget-button\" data-id=\"d0c9a46\" data-element_type=\"widget\" data-e-type=\"widget\" data-settings=\"{&quot;_animation&quot;:&quot;fadeIn&quot;,&quot;_animation_delay&quot;:400}\" data-widget_type=\"button.default\">\n\t\t\t\t<div class=\"elementor-widget-container\">\n\t\t\t\t\t\t\t\t\t<div class=\"elementor-button-wrapper\">\n\t\t\t\t\t<a class=\"elementor-button elementor-button-link elementor-size-sm elementor-animation-grow\" href=\"https:\/\/slawa-savin.de\/index.php\/online-terminvereinbarung-bei-slawa-savin-permanent-make-up-studio\/\">\n\t\t\t\t\t\t<span class=\"elementor-button-content-wrapper\">\n\t\t\t\t\t\t\t\t\t<span class=\"elementor-button-text\">Unverbindlich Beraten lassen<\/span>\n\t\t\t\t\t<\/span>\n\t\t\t\t\t<\/a>\n\t\t\t\t<\/div>\n\t\t\t\t\t\t\t\t<\/div>\n\t\t\t\t<\/div>\n\t\t\t\t<\/div>\n\t\t<div class=\"elementor-element elementor-element-413a532a e-grid e-con-full e-con e-child\" data-id=\"413a532a\" data-element_type=\"container\" data-e-type=\"container\">\n\t\t<div class=\"elementor-element elementor-element-1874543b e-con-full e-flex elementor-invisible e-con e-child\" data-id=\"1874543b\" data-element_type=\"container\" data-e-type=\"container\" data-settings=\"{&quot;animation&quot;:&quot;fadeIn&quot;,&quot;animation_delay&quot;:200}\">\n\t\t\t\t<div class=\"elementor-element elementor-element-4ddee9b5 elementor-widget elementor-widget-image-box\" data-id=\"4ddee9b5\" data-element_type=\"widget\" data-e-type=\"widget\" data-widget_type=\"image-box.default\">\n\t\t\t\t<div class=\"elementor-widget-container\">\n\t\t\t\t\t<div class=\"elementor-image-box-wrapper\"><div class=\"elementor-image-box-content\"><h3 class=\"elementor-image-box-title\">Schmerzarm &amp; schonend<\/h3><\/div><\/div>\t\t\t\t<\/div>\n\t\t\t\t<\/div>\n\t\t\t\t<\/div>\n\t\t<div class=\"elementor-element elementor-element-3b96fe15 e-con-full e-flex elementor-invisible e-con e-child\" data-id=\"3b96fe15\" data-element_type=\"container\" data-e-type=\"container\" data-settings=\"{&quot;animation&quot;:&quot;fadeIn&quot;}\">\n\t\t\t\t<div class=\"elementor-element elementor-element-3cd3b93 elementor-widget elementor-widget-image-box\" data-id=\"3cd3b93\" data-element_type=\"widget\" data-e-type=\"widget\" data-widget_type=\"image-box.default\">\n\t\t\t\t<div class=\"elementor-widget-container\">\n\t\t\t\t\t<div class=\"elementor-image-box-wrapper\"><div class=\"elementor-image-box-content\"><h3 class=\"elementor-image-box-title\">Geeignet bei jedem Haarstatus<\/h3><\/div><\/div>\t\t\t\t<\/div>\n\t\t\t\t<\/div>\n\t\t\t\t<\/div>\n\t\t<div class=\"elementor-element elementor-element-60b614f6 e-con-full e-flex elementor-invisible e-con e-child\" data-id=\"60b614f6\" data-element_type=\"container\" data-e-type=\"container\" data-settings=\"{&quot;animation&quot;:&quot;fadeIn&quot;,&quot;animation_delay&quot;:200}\">\n\t\t\t\t<div class=\"elementor-element elementor-element-46e6f12f elementor-widget elementor-widget-image-box\" data-id=\"46e6f12f\" data-element_type=\"widget\" data-e-type=\"widget\" data-widget_type=\"image-box.default\">\n\t\t\t\t<div class=\"elementor-widget-container\">\n\t\t\t\t\t<div class=\"elementor-image-box-wrapper\"><div class=\"elementor-image-box-content\"><h3 class=\"elementor-image-box-title\">Deutlich g\u00fcnstiger &amp; risiko\u00e4rmer<\/h3><\/div><\/div>\t\t\t\t<\/div>\n\t\t\t\t<\/div>\n\t\t\t\t<\/div>\n\t\t<div class=\"elementor-element elementor-element-2ecf70b2 e-con-full e-flex elementor-invisible e-con e-child\" data-id=\"2ecf70b2\" data-element_type=\"container\" data-e-type=\"container\" data-settings=\"{&quot;animation&quot;:&quot;fadeIn&quot;,&quot;animation_delay&quot;:400}\">\n\t\t\t\t<div class=\"elementor-element elementor-element-4fdcd8e8 elementor-widget elementor-widget-image-box\" data-id=\"4fdcd8e8\" data-element_type=\"widget\" data-e-type=\"widget\" data-widget_type=\"image-box.default\">\n\t\t\t\t<div class=\"elementor-widget-container\">\n\t\t\t\t\t<div class=\"elementor-image-box-wrapper\"><div class=\"elementor-image-box-content\"><h3 class=\"elementor-image-box-title\">Sofort sichtbar nach 3 Sitzungen<\/h3><\/div><\/div>\t\t\t\t<\/div>\n\t\t\t\t<\/div>\n\t\t\t\t<\/div>\n\t\t\t\t<\/div>\n\t\t\t\t\t<\/div>\n\t\t\t\t<\/div>\n\t\t<div class=\"elementor-element elementor-element-3b17d1ff e-flex e-con-boxed e-con e-parent\" data-id=\"3b17d1ff\" data-element_type=\"container\" data-e-type=\"container\" data-settings=\"{&quot;background_background&quot;:&quot;classic&quot;}\">\n\t\t\t\t\t<div class=\"e-con-inner\">\n\t\t<div class=\"elementor-element elementor-element-c983837 e-con-full e-flex e-con e-child\" data-id=\"c983837\" data-element_type=\"container\" data-e-type=\"container\" data-settings=\"{&quot;background_background&quot;:&quot;classic&quot;}\">\n\t\t\t\t<div class=\"elementor-element elementor-element-15c7a2f1 elementor-widget__width-inherit elementor-invisible elementor-widget elementor-widget-text-editor\" data-id=\"15c7a2f1\" data-element_type=\"widget\" data-e-type=\"widget\" data-settings=\"{&quot;_animation&quot;:&quot;fadeIn&quot;}\" data-widget_type=\"text-editor.default\">\n\t\t\t\t<div class=\"elementor-widget-container\">\n\t\t\t\t\t\t\t\t\t<p>Anwendungsf\u00e4lle<\/p>\t\t\t\t\t\t\t\t<\/div>\n\t\t\t\t<\/div>\n\t\t\t\t<div class=\"elementor-element elementor-element-4360d56a elementor-hidden-desktop elementor-hidden-tablet elementor-invisible elementor-widget elementor-widget-elementskit-heading\" data-id=\"4360d56a\" data-element_type=\"widget\" data-e-type=\"widget\" data-settings=\"{&quot;_animation&quot;:&quot;fadeIn&quot;,&quot;_animation_delay&quot;:200}\" data-widget_type=\"elementskit-heading.default\">\n\t\t\t\t<div class=\"elementor-widget-container\">\n\t\t\t\t\t<div class=\"ekit-wid-con\" ><div class=\"ekit-heading elementskit-section-title-wraper text_left   ekit_heading_tablet-   ekit_heading_mobile-text_center\"><h2 class=\"ekit-heading--title elementskit-section-title \"><span><span>F\u00fcr wen<\/span><\/span> ist Haar-pigmentierung geeignet?<\/h2><\/div><\/div>\t\t\t\t<\/div>\n\t\t\t\t<\/div>\n\t\t\t\t<div class=\"elementor-element elementor-element-f6b9b91 elementor-hidden-mobile elementor-invisible elementor-widget elementor-widget-elementskit-heading\" data-id=\"f6b9b91\" data-element_type=\"widget\" data-e-type=\"widget\" data-settings=\"{&quot;_animation&quot;:&quot;fadeIn&quot;,&quot;_animation_delay&quot;:200}\" data-widget_type=\"elementskit-heading.default\">\n\t\t\t\t<div class=\"elementor-widget-container\">\n\t\t\t\t\t<div class=\"ekit-wid-con\" ><div class=\"ekit-heading elementskit-section-title-wraper text_left   ekit_heading_tablet-   ekit_heading_mobile-text_center\"><h2 class=\"ekit-heading--title elementskit-section-title \"><span><span>F\u00fcr wen<\/span><\/span> ist Haarpigmentierung geeignet?<\/h2><\/div><\/div>\t\t\t\t<\/div>\n\t\t\t\t<\/div>\n\t\t\t\t<div class=\"elementor-element elementor-element-30ce6ae9 elementor-widget__width-initial elementor-widget-mobile__width-inherit elementor-widget elementor-widget-text-editor\" data-id=\"30ce6ae9\" data-element_type=\"widget\" data-e-type=\"widget\" data-widget_type=\"text-editor.default\">\n\t\t\t\t<div class=\"elementor-widget-container\">\n\t\t\t\t\t\t\t\t\t<p class=\"p1\">Die Haarpigmentierung ist ideal f\u00fcr alle, die unter Haarausfall oder lichtem Haar leiden und sich eine optisch dichtere Haarpracht w\u00fcnschen. Ganz ohne Operation und ohne Ausfallzeit.<\/p><p class=\"p1\">Geeignet ist die Methode unter anderem f\u00fcr:<\/p>\t\t\t\t\t\t\t\t<\/div>\n\t\t\t\t<\/div>\n\t\t\t\t<div class=\"elementor-element elementor-element-12083c62 elementor-widget-divider--view-line elementor-widget elementor-widget-divider\" data-id=\"12083c62\" data-element_type=\"widget\" data-e-type=\"widget\" data-widget_type=\"divider.default\">\n\t\t\t\t<div class=\"elementor-widget-container\">\n\t\t\t\t\t\t\t<div class=\"elementor-divider\">\n\t\t\t<span class=\"elementor-divider-separator\">\n\t\t\t\t\t\t<\/span>\n\t\t<\/div>\n\t\t\t\t\t\t<\/div>\n\t\t\t\t<\/div>\n\t\t\t\t<div class=\"elementor-element elementor-element-6d5d0a71 elementor-widget__width-initial elementor-mobile-align-center elementor-widget-mobile__width-inherit elementor-icon-list--layout-traditional elementor-list-item-link-full_width elementor-widget elementor-widget-icon-list\" data-id=\"6d5d0a71\" data-element_type=\"widget\" data-e-type=\"widget\" data-widget_type=\"icon-list.default\">\n\t\t\t\t<div class=\"elementor-widget-container\">\n\t\t\t\t\t\t\t<ul class=\"elementor-icon-list-items\">\n\t\t\t\t\t\t\t<li class=\"elementor-icon-list-item\">\n\t\t\t\t\t\t\t\t\t\t\t<span class=\"elementor-icon-list-icon\">\n\t\t\t\t\t\t\t<svg aria-hidden=\"true\" class=\"e-font-icon-svg e-fas-check-circle\" viewBox=\"0 0 512 512\" xmlns=\"http:\/\/www.w3.org\/2000\/svg\"><path d=\"M504 256c0 136.967-111.033 248-248 248S8 392.967 8 256 119.033 8 256 8s248 111.033 248 248zM227.314 387.314l184-184c6.248-6.248 6.248-16.379 0-22.627l-22.627-22.627c-6.248-6.249-16.379-6.249-22.628 0L216 308.118l-70.059-70.059c-6.248-6.248-16.379-6.248-22.628 0l-22.627 22.627c-6.248 6.248-6.248 16.379 0 22.627l104 104c6.249 6.249 16.379 6.249 22.628.001z\"><\/path><\/svg>\t\t\t\t\t\t<\/span>\n\t\t\t\t\t\t\t\t\t\t<span class=\"elementor-icon-list-text\">Alle, die ihre Haarlinie optisch verbessern oder das Gesamtbild voller wirken lassen m\u00f6chten<\/span>\n\t\t\t\t\t\t\t\t\t<\/li>\n\t\t\t\t\t\t\t\t<li class=\"elementor-icon-list-item\">\n\t\t\t\t\t\t\t\t\t\t\t<span class=\"elementor-icon-list-icon\">\n\t\t\t\t\t\t\t<svg aria-hidden=\"true\" class=\"e-font-icon-svg e-fas-check-circle\" viewBox=\"0 0 512 512\" xmlns=\"http:\/\/www.w3.org\/2000\/svg\"><path d=\"M504 256c0 136.967-111.033 248-248 248S8 392.967 8 256 119.033 8 256 8s248 111.033 248 248zM227.314 387.314l184-184c6.248-6.248 6.248-16.379 0-22.627l-22.627-22.627c-6.248-6.249-16.379-6.249-22.628 0L216 308.118l-70.059-70.059c-6.248-6.248-16.379-6.248-22.628 0l-22.627 22.627c-6.248 6.248-6.248 16.379 0 22.627l104 104c6.249 6.249 16.379 6.249 22.628.001z\"><\/path><\/svg>\t\t\t\t\t\t<\/span>\n\t\t\t\t\t\t\t\t\t\t<span class=\"elementor-icon-list-text\">M\u00e4nner mit Geheimratsecken, Tonsur oder Glatze<\/span>\n\t\t\t\t\t\t\t\t\t<\/li>\n\t\t\t\t\t\t\t\t<li class=\"elementor-icon-list-item\">\n\t\t\t\t\t\t\t\t\t\t\t<span class=\"elementor-icon-list-icon\">\n\t\t\t\t\t\t\t<svg aria-hidden=\"true\" class=\"e-font-icon-svg e-fas-check-circle\" viewBox=\"0 0 512 512\" xmlns=\"http:\/\/www.w3.org\/2000\/svg\"><path d=\"M504 256c0 136.967-111.033 248-248 248S8 392.967 8 256 119.033 8 256 8s248 111.033 248 248zM227.314 387.314l184-184c6.248-6.248 6.248-16.379 0-22.627l-22.627-22.627c-6.248-6.249-16.379-6.249-22.628 0L216 308.118l-70.059-70.059c-6.248-6.248-16.379-6.248-22.628 0l-22.627 22.627c-6.248 6.248-6.248 16.379 0 22.627l104 104c6.249 6.249 16.379 6.249 22.628.001z\"><\/path><\/svg>\t\t\t\t\t\t<\/span>\n\t\t\t\t\t\t\t\t\t\t<span class=\"elementor-icon-list-text\">Frauen mit hormonell oder genetisch bedingtem Haarausfall<\/span>\n\t\t\t\t\t\t\t\t\t<\/li>\n\t\t\t\t\t\t\t\t<li class=\"elementor-icon-list-item\">\n\t\t\t\t\t\t\t\t\t\t\t<span class=\"elementor-icon-list-icon\">\n\t\t\t\t\t\t\t<svg aria-hidden=\"true\" class=\"e-font-icon-svg e-fas-check-circle\" viewBox=\"0 0 512 512\" xmlns=\"http:\/\/www.w3.org\/2000\/svg\"><path d=\"M504 256c0 136.967-111.033 248-248 248S8 392.967 8 256 119.033 8 256 8s248 111.033 248 248zM227.314 387.314l184-184c6.248-6.248 6.248-16.379 0-22.627l-22.627-22.627c-6.248-6.249-16.379-6.249-22.628 0L216 308.118l-70.059-70.059c-6.248-6.248-16.379-6.248-22.628 0l-22.627 22.627c-6.248 6.248-6.248 16.379 0 22.627l104 104c6.249 6.249 16.379 6.249 22.628.001z\"><\/path><\/svg>\t\t\t\t\t\t<\/span>\n\t\t\t\t\t\t\t\t\t\t<span class=\"elementor-icon-list-text\">Menschen mit sichtbaren FUT- oder FUE-Narben nach einer Haartransplantation, die kaschiert werden sollen<\/span>\n\t\t\t\t\t\t\t\t\t<\/li>\n\t\t\t\t\t\t\t\t<li class=\"elementor-icon-list-item\">\n\t\t\t\t\t\t\t\t\t\t\t<span class=\"elementor-icon-list-icon\">\n\t\t\t\t\t\t\t<svg aria-hidden=\"true\" class=\"e-font-icon-svg e-fas-check-circle\" viewBox=\"0 0 512 512\" xmlns=\"http:\/\/www.w3.org\/2000\/svg\"><path d=\"M504 256c0 136.967-111.033 248-248 248S8 392.967 8 256 119.033 8 256 8s248 111.033 248 248zM227.314 387.314l184-184c6.248-6.248 6.248-16.379 0-22.627l-22.627-22.627c-6.248-6.249-16.379-6.249-22.628 0L216 308.118l-70.059-70.059c-6.248-6.248-16.379-6.248-22.628 0l-22.627 22.627c-6.248 6.248-6.248 16.379 0 22.627l104 104c6.249 6.249 16.379 6.249 22.628.001z\"><\/path><\/svg>\t\t\t\t\t\t<\/span>\n\t\t\t\t\t\t\t\t\t\t<span class=\"elementor-icon-list-text\"> Personen mit Verletzungs- oder operationsbedingten Narben auf der Kopfhaut<\/span>\n\t\t\t\t\t\t\t\t\t<\/li>\n\t\t\t\t\t\t<\/ul>\n\t\t\t\t\t\t<\/div>\n\t\t\t\t<\/div>\n\t\t\t\t<div class=\"elementor-element elementor-element-53927067 elementor-widget-divider--view-line elementor-widget elementor-widget-divider\" data-id=\"53927067\" data-element_type=\"widget\" data-e-type=\"widget\" data-widget_type=\"divider.default\">\n\t\t\t\t<div class=\"elementor-widget-container\">\n\t\t\t\t\t\t\t<div class=\"elementor-divider\">\n\t\t\t<span class=\"elementor-divider-separator\">\n\t\t\t\t\t\t<\/span>\n\t\t<\/div>\n\t\t\t\t\t\t<\/div>\n\t\t\t\t<\/div>\n\t\t\t\t<div class=\"elementor-element elementor-element-11a58aa1 elementor-widget__width-initial elementor-widget-mobile__width-inherit elementor-widget elementor-widget-text-editor\" data-id=\"11a58aa1\" data-element_type=\"widget\" data-e-type=\"widget\" data-widget_type=\"text-editor.default\">\n\t\t\t\t<div class=\"elementor-widget-container\">\n\t\t\t\t\t\t\t\t\t<p class=\"p1\"><span class=\"s1\"><b>Kurz gesagt:<\/b><\/span> F\u00fcr alle, die ihrem Spiegelbild wieder mit einem L\u00e4cheln begegnen wollen \u2013 echt, nat\u00fcrlich und selbstbewusst.<\/p>\t\t\t\t\t\t\t\t<\/div>\n\t\t\t\t<\/div>\n\t\t<div class=\"elementor-element elementor-element-72664c56 e-con-full e-flex e-con e-child\" data-id=\"72664c56\" data-element_type=\"container\" data-e-type=\"container\">\n\t\t\t\t<div class=\"elementor-element elementor-element-38ab99db elementor-align-center elementor-invisible elementor-widget elementor-widget-button\" data-id=\"38ab99db\" data-element_type=\"widget\" data-e-type=\"widget\" data-settings=\"{&quot;_animation&quot;:&quot;fadeIn&quot;,&quot;_animation_delay&quot;:400}\" data-widget_type=\"button.default\">\n\t\t\t\t<div class=\"elementor-widget-container\">\n\t\t\t\t\t\t\t\t\t<div class=\"elementor-button-wrapper\">\n\t\t\t\t\t<a class=\"elementor-button elementor-button-link elementor-size-sm\" href=\"https:\/\/slawa-savin.de\/index.php\/online-terminvereinbarung-bei-slawa-savin-permanent-make-up-studio\/\">\n\t\t\t\t\t\t<span class=\"elementor-button-content-wrapper\">\n\t\t\t\t\t\t\t\t\t<span class=\"elementor-button-text\">Termin Buchen<\/span>\n\t\t\t\t\t<\/span>\n\t\t\t\t\t<\/a>\n\t\t\t\t<\/div>\n\t\t\t\t\t\t\t\t<\/div>\n\t\t\t\t<\/div>\n\t\t\t\t<div class=\"elementor-element elementor-element-6215f6c9 elementor-align-center elementor-invisible elementor-widget elementor-widget-button\" data-id=\"6215f6c9\" data-element_type=\"widget\" data-e-type=\"widget\" data-settings=\"{&quot;_animation&quot;:&quot;fadeIn&quot;,&quot;_animation_delay&quot;:400}\" data-widget_type=\"button.default\">\n\t\t\t\t<div class=\"elementor-widget-container\">\n\t\t\t\t\t\t\t\t\t<div class=\"elementor-button-wrapper\">\n\t\t\t\t\t<a class=\"elementor-button elementor-button-link elementor-size-sm elementor-animation-grow\" href=\"https:\/\/slawa-savin.de\/index.php\/online-terminvereinbarung-bei-slawa-savin-permanent-make-up-studio\/\">\n\t\t\t\t\t\t<span class=\"elementor-button-content-wrapper\">\n\t\t\t\t\t\t\t\t\t<span class=\"elementor-button-text\">Unverbindlich Beraten lassen<\/span>\n\t\t\t\t\t<\/span>\n\t\t\t\t\t<\/a>\n\t\t\t\t<\/div>\n\t\t\t\t\t\t\t\t<\/div>\n\t\t\t\t<\/div>\n\t\t\t\t<\/div>\n\t\t\t\t<\/div>\n\t\t\t\t\t<\/div>\n\t\t\t\t<\/div>\n\t\t<div class=\"elementor-element elementor-element-2b56bcd7 e-flex e-con-boxed e-con e-parent\" data-id=\"2b56bcd7\" data-element_type=\"container\" data-e-type=\"container\" data-settings=\"{&quot;background_background&quot;:&quot;gradient&quot;}\">\n\t\t\t\t\t<div class=\"e-con-inner\">\n\t\t\t\t<div class=\"elementor-element elementor-element-65b8b2f0 elementor-widget__width-inherit elementor-invisible elementor-widget elementor-widget-text-editor\" data-id=\"65b8b2f0\" data-element_type=\"widget\" data-e-type=\"widget\" data-settings=\"{&quot;_animation&quot;:&quot;fadeIn&quot;}\" data-widget_type=\"text-editor.default\">\n\t\t\t\t<div class=\"elementor-widget-container\">\n\t\t\t\t\t\t\t\t\t<p>Ergebnisse<\/p>\t\t\t\t\t\t\t\t<\/div>\n\t\t\t\t<\/div>\n\t\t\t\t<div class=\"elementor-element elementor-element-537ecfc2 elementor-invisible elementor-widget elementor-widget-elementskit-heading\" data-id=\"537ecfc2\" data-element_type=\"widget\" data-e-type=\"widget\" data-settings=\"{&quot;_animation&quot;:&quot;fadeIn&quot;,&quot;_animation_delay&quot;:200}\" data-widget_type=\"elementskit-heading.default\">\n\t\t\t\t<div class=\"elementor-widget-container\">\n\t\t\t\t\t<div class=\"ekit-wid-con\" ><div class=\"ekit-heading elementskit-section-title-wraper text_center   ekit_heading_tablet-   ekit_heading_mobile-\"><h2 class=\"ekit-heading--title elementskit-section-title \">Echte Ergebnisse, die <span><span>f\u00fcr sich sprechen.<\/span><\/span><\/h2><\/div><\/div>\t\t\t\t<\/div>\n\t\t\t\t<\/div>\n\t\t\t\t<div class=\"elementor-element elementor-element-7371379d elementor-widget__width-initial elementor-widget elementor-widget-text-editor\" data-id=\"7371379d\" data-element_type=\"widget\" data-e-type=\"widget\" data-widget_type=\"text-editor.default\">\n\t\t\t\t<div class=\"elementor-widget-container\">\n\t\t\t\t\t\t\t\t\t<p class=\"p1\">Sieh selbst, was m\u00f6glich ist \u2013 unsere Vorher-Nachher-Bilder zeigen echte Kund:innen und ihre Transformation durch professionelle Pigmentierung. Nat\u00fcrlich, pr\u00e4zise und sichtbar mit jeder Sitzung.<\/p>\t\t\t\t\t\t\t\t<\/div>\n\t\t\t\t<\/div>\n\t\t\t\t<div class=\"elementor-element elementor-element-7b007568 elementor-pagination-type-bullets elementor-arrows-position-inside elementor-pagination-position-outside elementor-widget elementor-widget-n-carousel\" data-id=\"7b007568\" data-element_type=\"widget\" data-e-type=\"widget\" data-settings=\"{&quot;carousel_items&quot;:[{&quot;slide_title&quot;:&quot;Slide #1&quot;,&quot;_id&quot;:&quot;fde9a50&quot;},{&quot;slide_title&quot;:&quot;Slide #2&quot;,&quot;_id&quot;:&quot;a5722c4&quot;},{&quot;slide_title&quot;:&quot;Slide #3&quot;,&quot;_id&quot;:&quot;6318b37&quot;},{&quot;slide_title&quot;:&quot;Slide #4&quot;,&quot;_id&quot;:&quot;967b4ed&quot;}],&quot;slides_to_show&quot;:&quot;2&quot;,&quot;slides_to_scroll&quot;:&quot;2&quot;,&quot;slides_to_show_tablet&quot;:&quot;2&quot;,&quot;slides_to_show_mobile&quot;:&quot;1&quot;,&quot;autoplay&quot;:&quot;yes&quot;,&quot;autoplay_speed&quot;:5000,&quot;pause_on_hover&quot;:&quot;yes&quot;,&quot;pause_on_interaction&quot;:&quot;yes&quot;,&quot;infinite&quot;:&quot;yes&quot;,&quot;speed&quot;:500,&quot;offset_sides&quot;:&quot;none&quot;,&quot;arrows&quot;:&quot;yes&quot;,&quot;pagination&quot;:&quot;bullets&quot;,&quot;image_spacing_custom&quot;:{&quot;unit&quot;:&quot;px&quot;,&quot;size&quot;:10,&quot;sizes&quot;:[]},&quot;image_spacing_custom_tablet&quot;:{&quot;unit&quot;:&quot;px&quot;,&quot;size&quot;:&quot;&quot;,&quot;sizes&quot;:[]},&quot;image_spacing_custom_mobile&quot;:{&quot;unit&quot;:&quot;px&quot;,&quot;size&quot;:&quot;&quot;,&quot;sizes&quot;:[]}}\" data-widget_type=\"nested-carousel.default\">\n\t\t\t\t<div class=\"elementor-widget-container\">\n\t\t\t\t\t\t\t<div class=\"e-n-carousel swiper\" role=\"region\" aria-roledescription=\"carousel\" aria-label=\"Karussell\" dir=\"ltr\">\n\t\t\t<div class=\"swiper-wrapper\" aria-live=\"off\">\n\t\t\t\t\t\t\t\t\t\t<div class=\"swiper-slide\" data-slide=\"1\" role=\"group\" aria-roledescription=\"slide\" aria-label=\"1 von 4\">\n\t\t\t\t\t\t\t<div class=\"elementor-element elementor-element-26fdb44f e-flex e-con-boxed e-con e-child\" data-id=\"26fdb44f\" data-element_type=\"container\" data-e-type=\"container\">\n\t\t\t\t\t<div class=\"e-con-inner\">\n\t\t\t\t<div class=\"elementor-element elementor-element-715c5048 elementor-widget elementor-widget-image\" data-id=\"715c5048\" data-element_type=\"widget\" data-e-type=\"widget\" data-widget_type=\"image.default\">\n\t\t\t\t<div class=\"elementor-widget-container\">\n\t\t\t\t\t\t\t\t\t\t\t\t\t\t\t<img fetchpriority=\"high\" decoding=\"async\" width=\"800\" height=\"1000\" src=\"https:\/\/slawa-savin.de\/wp-content\/uploads\/2025\/05\/Before-hairpigment-819x1024.jpg\" class=\"attachment-large size-large wp-image-691\" alt=\"\" srcset=\"https:\/\/slawa-savin.de\/wp-content\/uploads\/2025\/05\/Before-hairpigment-819x1024.jpg 819w, https:\/\/slawa-savin.de\/wp-content\/uploads\/2025\/05\/Before-hairpigment-240x300.jpg 240w, https:\/\/slawa-savin.de\/wp-content\/uploads\/2025\/05\/Before-hairpigment-768x960.jpg 768w, https:\/\/slawa-savin.de\/wp-content\/uploads\/2025\/05\/Before-hairpigment-e1746694406462.jpg 940w\" sizes=\"(max-width: 800px) 100vw, 800px\" \/>\t\t\t\t\t\t\t\t\t\t\t\t\t\t\t<\/div>\n\t\t\t\t<\/div>\n\t\t\t\t<div class=\"elementor-element elementor-element-10bddd02 elementor-widget elementor-widget-text-editor\" data-id=\"10bddd02\" data-element_type=\"widget\" data-e-type=\"widget\" data-widget_type=\"text-editor.default\">\n\t\t\t\t<div class=\"elementor-widget-container\">\n\t\t\t\t\t\t\t\t\t<p>VORHER<\/p>\t\t\t\t\t\t\t\t<\/div>\n\t\t\t\t<\/div>\n\t\t\t\t\t<\/div>\n\t\t\t\t<\/div>\n\t\t\t\t\t\t\t\t<\/div>\n\t\t\t\t\t\t\t\t\t\t\t<div class=\"swiper-slide\" data-slide=\"2\" role=\"group\" aria-roledescription=\"slide\" aria-label=\"2 von 4\">\n\t\t\t\t\t\t\t<div class=\"elementor-element elementor-element-5d4d3fa0 e-flex e-con-boxed e-con e-child\" data-id=\"5d4d3fa0\" data-element_type=\"container\" data-e-type=\"container\">\n\t\t\t\t\t<div class=\"e-con-inner\">\n\t\t\t\t<div class=\"elementor-element elementor-element-7a04dace elementor-widget elementor-widget-text-editor\" data-id=\"7a04dace\" data-element_type=\"widget\" data-e-type=\"widget\" data-widget_type=\"text-editor.default\">\n\t\t\t\t<div class=\"elementor-widget-container\">\n\t\t\t\t\t\t\t\t\t<p>NACHHER<\/p>\t\t\t\t\t\t\t\t<\/div>\n\t\t\t\t<\/div>\n\t\t\t\t<div class=\"elementor-element elementor-element-47b0fed5 elementor-widget elementor-widget-image\" data-id=\"47b0fed5\" data-element_type=\"widget\" data-e-type=\"widget\" data-widget_type=\"image.default\">\n\t\t\t\t<div class=\"elementor-widget-container\">\n\t\t\t\t\t\t\t\t\t\t\t\t\t\t\t<img decoding=\"async\" width=\"800\" height=\"1000\" src=\"https:\/\/slawa-savin.de\/wp-content\/uploads\/2025\/05\/after-hair-prigment-819x1024.jpg\" class=\"attachment-large size-large wp-image-689\" alt=\"\" srcset=\"https:\/\/slawa-savin.de\/wp-content\/uploads\/2025\/05\/after-hair-prigment-819x1024.jpg 819w, https:\/\/slawa-savin.de\/wp-content\/uploads\/2025\/05\/after-hair-prigment-240x300.jpg 240w, https:\/\/slawa-savin.de\/wp-content\/uploads\/2025\/05\/after-hair-prigment-768x960.jpg 768w, https:\/\/slawa-savin.de\/wp-content\/uploads\/2025\/05\/after-hair-prigment.jpg 1080w\" sizes=\"(max-width: 800px) 100vw, 800px\" \/>\t\t\t\t\t\t\t\t\t\t\t\t\t\t\t<\/div>\n\t\t\t\t<\/div>\n\t\t\t\t\t<\/div>\n\t\t\t\t<\/div>\n\t\t\t\t\t\t\t\t<\/div>\n\t\t\t\t\t\t\t\t\t\t\t<div class=\"swiper-slide\" data-slide=\"3\" role=\"group\" aria-roledescription=\"slide\" aria-label=\"3 von 4\">\n\t\t\t\t\t\t\t<div class=\"elementor-element elementor-element-994bf0 e-flex e-con-boxed e-con e-child\" data-id=\"994bf0\" data-element_type=\"container\" data-e-type=\"container\">\n\t\t\t\t\t<div class=\"e-con-inner\">\n\t\t\t\t<div class=\"elementor-element elementor-element-54b015a5 elementor-widget elementor-widget-image\" data-id=\"54b015a5\" data-element_type=\"widget\" data-e-type=\"widget\" data-widget_type=\"image.default\">\n\t\t\t\t<div class=\"elementor-widget-container\">\n\t\t\t\t\t\t\t\t\t\t\t\t\t\t\t<img decoding=\"async\" width=\"765\" height=\"1020\" src=\"https:\/\/slawa-savin.de\/wp-content\/uploads\/2025\/05\/2023-10-26.png\" class=\"attachment-large size-large wp-image-2057\" alt=\"M\u00e4nnerkopf nach Haarpigmentierung mit realistischer Haarlinien-Optik\" srcset=\"https:\/\/slawa-savin.de\/wp-content\/uploads\/2025\/05\/2023-10-26.png 765w, https:\/\/slawa-savin.de\/wp-content\/uploads\/2025\/05\/2023-10-26-225x300.png 225w\" sizes=\"(max-width: 765px) 100vw, 765px\" \/>\t\t\t\t\t\t\t\t\t\t\t\t\t\t\t<\/div>\n\t\t\t\t<\/div>\n\t\t\t\t<div class=\"elementor-element elementor-element-4c44f8a5 elementor-widget elementor-widget-text-editor\" data-id=\"4c44f8a5\" data-element_type=\"widget\" data-e-type=\"widget\" data-widget_type=\"text-editor.default\">\n\t\t\t\t<div class=\"elementor-widget-container\">\n\t\t\t\t\t\t\t\t\t<p>VORHER<\/p>\t\t\t\t\t\t\t\t<\/div>\n\t\t\t\t<\/div>\n\t\t\t\t\t<\/div>\n\t\t\t\t<\/div>\n\t\t\t\t\t\t\t\t<\/div>\n\t\t\t\t\t\t\t\t\t\t\t<div class=\"swiper-slide\" data-slide=\"4\" role=\"group\" aria-roledescription=\"slide\" aria-label=\"4 von 4\">\n\t\t\t\t\t\t\t<div class=\"elementor-element elementor-element-2e3176de e-flex e-con-boxed e-con e-child\" data-id=\"2e3176de\" data-element_type=\"container\" data-e-type=\"container\">\n\t\t\t\t\t<div class=\"e-con-inner\">\n\t\t\t\t<div class=\"elementor-element elementor-element-1c2897c8 elementor-widget elementor-widget-text-editor\" data-id=\"1c2897c8\" data-element_type=\"widget\" data-e-type=\"widget\" data-widget_type=\"text-editor.default\">\n\t\t\t\t<div class=\"elementor-widget-container\">\n\t\t\t\t\t\t\t\t\t<p>NACHHER<\/p>\t\t\t\t\t\t\t\t<\/div>\n\t\t\t\t<\/div>\n\t\t\t\t<div class=\"elementor-element elementor-element-2e6154d7 elementor-widget elementor-widget-image\" data-id=\"2e6154d7\" data-element_type=\"widget\" data-e-type=\"widget\" data-widget_type=\"image.default\">\n\t\t\t\t<div class=\"elementor-widget-container\">\n\t\t\t\t\t\t\t\t\t\t\t\t\t\t\t<img decoding=\"async\" width=\"765\" height=\"1020\" src=\"https:\/\/slawa-savin.de\/wp-content\/uploads\/2025\/05\/2023-10-26.png\" class=\"attachment-large size-large wp-image-2057\" alt=\"M\u00e4nnerkopf nach Haarpigmentierung mit realistischer Haarlinien-Optik\" srcset=\"https:\/\/slawa-savin.de\/wp-content\/uploads\/2025\/05\/2023-10-26.png 765w, https:\/\/slawa-savin.de\/wp-content\/uploads\/2025\/05\/2023-10-26-225x300.png 225w\" sizes=\"(max-width: 765px) 100vw, 765px\" \/>\t\t\t\t\t\t\t\t\t\t\t\t\t\t\t<\/div>\n\t\t\t\t<\/div>\n\t\t\t\t\t<\/div>\n\t\t\t\t<\/div>\n\t\t\t\t\t\t\t\t<\/div>\n\t\t\t\t\t\t\t\t<\/div>\n\t\t<\/div>\n\t\t\t\t\t<div class=\"elementor-swiper-button elementor-swiper-button-prev\" role=\"button\" tabindex=\"0\" aria-label=\"Voriger\">\n\t\t\t\t<svg aria-hidden=\"true\" class=\"e-font-icon-svg e-eicon-chevron-left\" viewBox=\"0 0 1000 1000\" xmlns=\"http:\/\/www.w3.org\/2000\/svg\"><path d=\"M646 125C629 125 613 133 604 142L308 442C296 454 292 471 292 487 292 504 296 521 308 533L604 854C617 867 629 875 646 875 663 875 679 871 692 858 704 846 713 829 713 812 713 796 708 779 692 767L438 487 692 225C700 217 708 204 708 187 708 171 704 154 692 142 675 129 663 125 646 125Z\"><\/path><\/svg>\t\t\t<\/div>\n\t\t\t<div class=\"elementor-swiper-button elementor-swiper-button-next\" role=\"button\" tabindex=\"0\" aria-label=\"N\u00e4chster\">\n\t\t\t\t<svg aria-hidden=\"true\" class=\"e-font-icon-svg e-eicon-chevron-right\" viewBox=\"0 0 1000 1000\" xmlns=\"http:\/\/www.w3.org\/2000\/svg\"><path d=\"M696 533C708 521 713 504 713 487 713 471 708 454 696 446L400 146C388 133 375 125 354 125 338 125 325 129 313 142 300 154 292 171 292 187 292 204 296 221 308 233L563 492 304 771C292 783 288 800 288 817 288 833 296 850 308 863 321 871 338 875 354 875 371 875 388 867 400 854L696 533Z\"><\/path><\/svg>\t\t\t<\/div>\n\t\t\t\t\t<div class=\"swiper-pagination\"><\/div>\n\t\t\t\t\t\t<\/div>\n\t\t\t\t<\/div>\n\t\t<div class=\"elementor-element elementor-element-2b66f8e9 e-con-full e-flex e-con e-child\" data-id=\"2b66f8e9\" data-element_type=\"container\" data-e-type=\"container\">\n\t\t\t\t<div class=\"elementor-element elementor-element-2a4ac6bf elementor-align-center elementor-invisible elementor-widget elementor-widget-button\" data-id=\"2a4ac6bf\" data-element_type=\"widget\" data-e-type=\"widget\" data-settings=\"{&quot;_animation&quot;:&quot;fadeIn&quot;,&quot;_animation_delay&quot;:400}\" data-widget_type=\"button.default\">\n\t\t\t\t<div class=\"elementor-widget-container\">\n\t\t\t\t\t\t\t\t\t<div class=\"elementor-button-wrapper\">\n\t\t\t\t\t<a class=\"elementor-button elementor-button-link elementor-size-sm\" href=\"https:\/\/slawa-savin.de\/index.php\/online-terminvereinbarung-bei-slawa-savin-permanent-make-up-studio\/\">\n\t\t\t\t\t\t<span class=\"elementor-button-content-wrapper\">\n\t\t\t\t\t\t\t\t\t<span class=\"elementor-button-text\">Termin Buchen<\/span>\n\t\t\t\t\t<\/span>\n\t\t\t\t\t<\/a>\n\t\t\t\t<\/div>\n\t\t\t\t\t\t\t\t<\/div>\n\t\t\t\t<\/div>\n\t\t\t\t<div class=\"elementor-element elementor-element-692c362e elementor-align-center elementor-invisible elementor-widget elementor-widget-button\" data-id=\"692c362e\" data-element_type=\"widget\" data-e-type=\"widget\" data-settings=\"{&quot;_animation&quot;:&quot;fadeIn&quot;,&quot;_animation_delay&quot;:400}\" data-widget_type=\"button.default\">\n\t\t\t\t<div class=\"elementor-widget-container\">\n\t\t\t\t\t\t\t\t\t<div class=\"elementor-button-wrapper\">\n\t\t\t\t\t<a class=\"elementor-button elementor-button-link elementor-size-sm elementor-animation-grow\" href=\"https:\/\/slawa-savin.de\/index.php\/online-terminvereinbarung-bei-slawa-savin-permanent-make-up-studio\/\">\n\t\t\t\t\t\t<span class=\"elementor-button-content-wrapper\">\n\t\t\t\t\t\t\t\t\t<span class=\"elementor-button-text\">Unverbindlich Beraten lassen<\/span>\n\t\t\t\t\t<\/span>\n\t\t\t\t\t<\/a>\n\t\t\t\t<\/div>\n\t\t\t\t\t\t\t\t<\/div>\n\t\t\t\t<\/div>\n\t\t\t\t<\/div>\n\t\t\t\t\t<\/div>\n\t\t\t\t<\/div>\n\t\t<div class=\"elementor-element elementor-element-6e9b5dc6 e-flex e-con-boxed e-con e-parent\" data-id=\"6e9b5dc6\" data-element_type=\"container\" data-e-type=\"container\" data-settings=\"{&quot;background_background&quot;:&quot;classic&quot;}\">\n\t\t\t\t\t<div class=\"e-con-inner\">\n\t\t\t\t<div class=\"elementor-element elementor-element-4a221009 elementor-invisible elementor-widget elementor-widget-elementskit-testimonial\" data-id=\"4a221009\" data-element_type=\"widget\" data-e-type=\"widget\" data-settings=\"{&quot;_animation&quot;:&quot;fadeIn&quot;,&quot;_animation_delay&quot;:600}\" data-widget_type=\"elementskit-testimonial.default\">\n\t\t\t\t<div class=\"elementor-widget-container\">\n\t\t\t\t\t<div class=\"ekit-wid-con\" ><div class=\"elementskit-testimonial-slider arrow_inside slider-dotted\" data-config=\"{&quot;rtl&quot;:false,&quot;arrows&quot;:false,&quot;dots&quot;:true,&quot;pauseOnHover&quot;:true,&quot;autoplay&quot;:false,&quot;speed&quot;:1000,&quot;slidesPerGroup&quot;:1,&quot;slidesPerView&quot;:1,&quot;loop&quot;:true,&quot;spaceBetween&quot;:0,&quot;breakpoints&quot;:{&quot;320&quot;:{&quot;slidesPerView&quot;:1,&quot;slidesPerGroup&quot;:1,&quot;spaceBetween&quot;:10},&quot;768&quot;:{&quot;slidesPerView&quot;:1,&quot;slidesPerGroup&quot;:1,&quot;spaceBetween&quot;:10},&quot;1024&quot;:{&quot;slidesPerView&quot;:1,&quot;slidesPerGroup&quot;:1,&quot;spaceBetween&quot;:15}}}\">\n\t<div class=\"ekit-main-swiper swiper\">\n\t\t<div class=\"swiper-wrapper\">\n\t\t\t\t\t\t<div class=\"swiper-slide\">\n\t\t\t\t<div class=\"swiper-slide-inner\">\n\t\t\t\t\t<div class=\"elementskit-testimonial-inner\" >\n\t\t\t\t\t\t<div class=\"elementskit-single-testimonial-slider  ekit_testimonial_style_2\">\n\t\t\t\t\t\t\t<div class=\"elementskit-commentor-content\">\n\t\t\t\t\t\t\t\t\t\t\t\t\t\t\t\t\t<p>Dank Slawa f\u00fchle ich mich wieder richtig wohl und bin zu 100% zufrieden!\nEr arbeitet sehr konzentriert und achtet auf die kleinsten Details.\nIch kann es jedem nur weiter empfehlen!<\/p>\n\t\t\t\t\t\t\t\t\t\t\t\t\t\t\t\t\t\t\t\t\t\t\t\t\t<span class=\"elementskit-border-hr\"><\/span>\n\t\t\t\t\t\t\t\t\t\t\t\t\t\t\t\t<span class=\"elementskit-profile-info\">\n\t\t\t\t\t\t\t\t\t<strong class=\"elementskit-author-name\">Benedict Acri<\/strong>\n\t\t\t\t\t\t\t\t\t<span class=\"elementskit-author-des\"><\/span>\n\t\t\t\t\t\t\t\t<\/span>\n\t\t\t\t\t\t\t<\/div>\n\t\t\t\t\t\t\t\t\t\t\t\t\t\t\t<div class=\"elementskit-watermark-icon  ekit_watermark_icon_custom_position \">\n\t\t\t\t\t\t\t\t\t<i aria-hidden=\"true\" class=\"icon icon-testimonial-quote\"><\/i>\t\t\t\t\t\t\t\t<\/div>\n\t\t\t\t\t\t\t\t\t\t\t\t\t<\/div>\n\t\t\t\t\t<\/div>\n\t\t\t\t<\/div>\n\t\t\t<\/div>\n\t\t\t\t\t<\/div>\n\n\t\t\t\t\t<div class=\"swiper-pagination\"><\/div>\n\t\t\n\t\t\t<\/div>\n<\/div>\n<\/div>\t\t\t\t<\/div>\n\t\t\t\t<\/div>\n\t\t\t\t\t<\/div>\n\t\t\t\t<\/div>\n\t\t<div class=\"elementor-element elementor-element-4032d9 e-flex e-con-boxed e-con e-parent\" data-id=\"4032d9\" data-element_type=\"container\" data-e-type=\"container\">\n\t\t\t\t\t<div class=\"e-con-inner\">\n\t\t\t\t<div class=\"elementor-element elementor-element-2df808e1 elementor-widget__width-inherit elementor-invisible elementor-widget elementor-widget-text-editor\" data-id=\"2df808e1\" data-element_type=\"widget\" data-e-type=\"widget\" data-settings=\"{&quot;_animation&quot;:&quot;fadeIn&quot;}\" data-widget_type=\"text-editor.default\">\n\t\t\t\t<div class=\"elementor-widget-container\">\n\t\t\t\t\t\t\t\t\t<p>Ablauf<\/p>\t\t\t\t\t\t\t\t<\/div>\n\t\t\t\t<\/div>\n\t\t\t\t<div class=\"elementor-element elementor-element-7e26f127 elementor-hidden-desktop elementor-hidden-tablet elementor-invisible elementor-widget elementor-widget-elementskit-heading\" data-id=\"7e26f127\" data-element_type=\"widget\" data-e-type=\"widget\" data-settings=\"{&quot;_animation&quot;:&quot;fadeIn&quot;,&quot;_animation_delay&quot;:200}\" data-widget_type=\"elementskit-heading.default\">\n\t\t\t\t<div class=\"elementor-widget-container\">\n\t\t\t\t\t<div class=\"ekit-wid-con\" ><div class=\"ekit-heading elementskit-section-title-wraper text_left   ekit_heading_tablet-   ekit_heading_mobile-text_center\"><h2 class=\"ekit-heading--title elementskit-section-title \"><span><span>So l\u00e4uft<\/span><\/span> deine Haar-pigmentierung ab<\/h2><\/div><\/div>\t\t\t\t<\/div>\n\t\t\t\t<\/div>\n\t\t\t\t<div class=\"elementor-element elementor-element-ff1db7a elementor-hidden-mobile elementor-invisible elementor-widget elementor-widget-elementskit-heading\" data-id=\"ff1db7a\" data-element_type=\"widget\" data-e-type=\"widget\" data-settings=\"{&quot;_animation&quot;:&quot;fadeIn&quot;,&quot;_animation_delay&quot;:200}\" data-widget_type=\"elementskit-heading.default\">\n\t\t\t\t<div class=\"elementor-widget-container\">\n\t\t\t\t\t<div class=\"ekit-wid-con\" ><div class=\"ekit-heading elementskit-section-title-wraper text_left   ekit_heading_tablet-   ekit_heading_mobile-text_center\"><h2 class=\"ekit-heading--title elementskit-section-title \"><span><span>So l\u00e4uft<\/span><\/span> deine Haarpigmentierung ab<\/h2><\/div><\/div>\t\t\t\t<\/div>\n\t\t\t\t<\/div>\n\t\t\t\t<div class=\"elementor-element elementor-element-4b990aab elementor-invisible elementor-widget elementor-widget-text-editor\" data-id=\"4b990aab\" data-element_type=\"widget\" data-e-type=\"widget\" data-settings=\"{&quot;_animation&quot;:&quot;fadeIn&quot;,&quot;_animation_delay&quot;:400}\" data-widget_type=\"text-editor.default\">\n\t\t\t\t<div class=\"elementor-widget-container\">\n\t\t\t\t\t\t\t\t\t<p class=\"p1\">Diskret, professionell und Schritt f\u00fcr Schritt auf dich abgestimmt.<\/p>\t\t\t\t\t\t\t\t<\/div>\n\t\t\t\t<\/div>\n\t\t<div class=\"elementor-element elementor-element-59a5903b e-grid e-con-full e-con e-child\" data-id=\"59a5903b\" data-element_type=\"container\" data-e-type=\"container\">\n\t\t\t\t<div class=\"elementor-element elementor-element-2d14c220 elementor-widget elementor-widget-image\" data-id=\"2d14c220\" data-element_type=\"widget\" data-e-type=\"widget\" data-widget_type=\"image.default\">\n\t\t\t\t<div class=\"elementor-widget-container\">\n\t\t\t\t\t\t\t\t\t\t\t\t\t\t\t<img loading=\"lazy\" decoding=\"async\" width=\"800\" height=\"571\" src=\"https:\/\/slawa-savin.de\/wp-content\/uploads\/2025\/05\/doctor-specialist-in-baldness-checking-a-patient-w-2024-12-09-02-08-11-utc-scaled-e1749720506162-1024x731.jpg\" class=\"attachment-large size-large wp-image-1326\" alt=\"\" srcset=\"https:\/\/slawa-savin.de\/wp-content\/uploads\/2025\/05\/doctor-specialist-in-baldness-checking-a-patient-w-2024-12-09-02-08-11-utc-scaled-e1749720506162-1024x731.jpg 1024w, https:\/\/slawa-savin.de\/wp-content\/uploads\/2025\/05\/doctor-specialist-in-baldness-checking-a-patient-w-2024-12-09-02-08-11-utc-scaled-e1749720506162-300x214.jpg 300w, https:\/\/slawa-savin.de\/wp-content\/uploads\/2025\/05\/doctor-specialist-in-baldness-checking-a-patient-w-2024-12-09-02-08-11-utc-scaled-e1749720506162-768x549.jpg 768w, https:\/\/slawa-savin.de\/wp-content\/uploads\/2025\/05\/doctor-specialist-in-baldness-checking-a-patient-w-2024-12-09-02-08-11-utc-scaled-e1749720506162-1536x1097.jpg 1536w, https:\/\/slawa-savin.de\/wp-content\/uploads\/2025\/05\/doctor-specialist-in-baldness-checking-a-patient-w-2024-12-09-02-08-11-utc-scaled-e1749720506162-2048x1463.jpg 2048w\" sizes=\"(max-width: 800px) 100vw, 800px\" \/>\t\t\t\t\t\t\t\t\t\t\t\t\t\t\t<\/div>\n\t\t\t\t<\/div>\n\t\t\t\t<div class=\"elementor-element elementor-element-2eb99f96 elementor-widget-mobile__width-inherit elementor-widget elementor-widget-icon-box\" data-id=\"2eb99f96\" data-element_type=\"widget\" data-e-type=\"widget\" data-widget_type=\"icon-box.default\">\n\t\t\t\t<div class=\"elementor-widget-container\">\n\t\t\t\t\t\t\t<div class=\"elementor-icon-box-wrapper\">\n\n\t\t\t\n\t\t\t\t\t\t<div class=\"elementor-icon-box-content\">\n\n\t\t\t\t\t\t\t\t\t<h3 class=\"elementor-icon-box-title\">\n\t\t\t\t\t\t<span  >\n\t\t\t\t\t\t\tErstberatung\t\t\t\t\t\t<\/span>\n\t\t\t\t\t<\/h3>\n\t\t\t\t\n\t\t\t\t\t\t\t\t\t<p class=\"elementor-icon-box-description\">\n\t\t\t\t\t\tWir starten mit einem pers\u00f6nlichen Beratungsgespr\u00e4ch \u2013 ehrlich, diskret. Dabei analysieren wir deine Kopfhaut, kl\u00e4ren deine W\u00fcnsche und definieren gemeinsam die ideale Haarlinie sowie die passende Pigmentwahl.\n<br><bR>Die Beratung ist flexibel m\u00f6glich: ganz entspannt vor Ort in unserem Studio, bequem per Videocall oder telefonisch.\t\t\t\t\t<\/p>\n\t\t\t\t\n\t\t\t<\/div>\n\t\t\t\n\t\t<\/div>\n\t\t\t\t\t\t<\/div>\n\t\t\t\t<\/div>\n\t\t\t\t<div class=\"elementor-element elementor-element-f8372ce elementor-hidden-desktop elementor-hidden-tablet elementor-widget-mobile__width-inherit elementor-widget elementor-widget-image\" data-id=\"f8372ce\" data-element_type=\"widget\" data-e-type=\"widget\" data-widget_type=\"image.default\">\n\t\t\t\t<div class=\"elementor-widget-container\">\n\t\t\t\t\t\t\t\t\t\t\t\t\t\t\t<img loading=\"lazy\" decoding=\"async\" width=\"1400\" height=\"1000\" src=\"https:\/\/slawa-savin.de\/wp-content\/uploads\/2025\/05\/st2hp-e1749720577397.png\" class=\"attachment-full size-full wp-image-1328\" alt=\"M\u00e4nnerkopf w\u00e4hrend der Haarpigmentierung im Studio Slawa Savin\" srcset=\"https:\/\/slawa-savin.de\/wp-content\/uploads\/2025\/05\/st2hp-e1749720577397.png 1400w, https:\/\/slawa-savin.de\/wp-content\/uploads\/2025\/05\/st2hp-e1749720577397-300x214.png 300w, https:\/\/slawa-savin.de\/wp-content\/uploads\/2025\/05\/st2hp-e1749720577397-1024x731.png 1024w, https:\/\/slawa-savin.de\/wp-content\/uploads\/2025\/05\/st2hp-e1749720577397-768x549.png 768w\" sizes=\"(max-width: 1400px) 100vw, 1400px\" \/>\t\t\t\t\t\t\t\t\t\t\t\t\t\t\t<\/div>\n\t\t\t\t<\/div>\n\t\t\t\t<div class=\"elementor-element elementor-element-3e4f8fcd elementor-widget elementor-widget-icon-box\" data-id=\"3e4f8fcd\" data-element_type=\"widget\" data-e-type=\"widget\" data-widget_type=\"icon-box.default\">\n\t\t\t\t<div class=\"elementor-widget-container\">\n\t\t\t\t\t\t\t<div class=\"elementor-icon-box-wrapper\">\n\n\t\t\t\n\t\t\t\t\t\t<div class=\"elementor-icon-box-content\">\n\n\t\t\t\t\t\t\t\t\t<h3 class=\"elementor-icon-box-title\">\n\t\t\t\t\t\t<span  >\n\t\t\t\t\t\t\tErste Sitzung \t\t\t\t\t\t<\/span>\n\t\t\t\t\t<\/h3>\n\t\t\t\t\n\t\t\t\t\t\t\t\t\t<p class=\"elementor-icon-box-description\">\n\t\t\t\t\t\tBevor es losgeht, wird deine neue Haarlinie symmetrisch sowie typgerecht vermessen und angezeichnet. Die Pigmentfarbe passen wir individuell an deine Haarfarbe und deinen Hauttyp an. \n<br><br>Anschlie\u00dfend setzen wir tausende feinste Mikropunkte auf die Kopfhaut, um eine erste optische Verdichtung zu erzielen.\nJe nach Haarsituation wird entschieden, ob die Kopfhaut zuvor rasiert wird \u2013 meist notwendig bei starkem Haarverlust.\n<br><br>Bei kleineren kahlen Stellen oder Narben ist das oft nicht n\u00f6tig.\t\t\t\t\t<\/p>\n\t\t\t\t\n\t\t\t<\/div>\n\t\t\t\n\t\t<\/div>\n\t\t\t\t\t\t<\/div>\n\t\t\t\t<\/div>\n\t\t\t\t<div class=\"elementor-element elementor-element-720cd0fd elementor-hidden-mobile elementor-widget elementor-widget-image\" data-id=\"720cd0fd\" data-element_type=\"widget\" data-e-type=\"widget\" data-widget_type=\"image.default\">\n\t\t\t\t<div class=\"elementor-widget-container\">\n\t\t\t\t\t\t\t\t\t\t\t\t\t\t\t<img loading=\"lazy\" decoding=\"async\" width=\"1400\" height=\"1000\" src=\"https:\/\/slawa-savin.de\/wp-content\/uploads\/2025\/05\/st2hp-e1749720577397.png\" class=\"attachment-full size-full wp-image-1328\" alt=\"M\u00e4nnerkopf w\u00e4hrend der Haarpigmentierung im Studio Slawa Savin\" srcset=\"https:\/\/slawa-savin.de\/wp-content\/uploads\/2025\/05\/st2hp-e1749720577397.png 1400w, https:\/\/slawa-savin.de\/wp-content\/uploads\/2025\/05\/st2hp-e1749720577397-300x214.png 300w, https:\/\/slawa-savin.de\/wp-content\/uploads\/2025\/05\/st2hp-e1749720577397-1024x731.png 1024w, https:\/\/slawa-savin.de\/wp-content\/uploads\/2025\/05\/st2hp-e1749720577397-768x549.png 768w\" sizes=\"(max-width: 1400px) 100vw, 1400px\" \/>\t\t\t\t\t\t\t\t\t\t\t\t\t\t\t<\/div>\n\t\t\t\t<\/div>\n\t\t\t\t<div class=\"elementor-element elementor-element-770b26c8 elementor-widget elementor-widget-image\" data-id=\"770b26c8\" data-element_type=\"widget\" data-e-type=\"widget\" data-widget_type=\"image.default\">\n\t\t\t\t<div class=\"elementor-widget-container\">\n\t\t\t\t\t\t\t\t\t\t\t\t\t\t\t<img loading=\"lazy\" decoding=\"async\" width=\"2000\" height=\"857\" src=\"https:\/\/slawa-savin.de\/wp-content\/uploads\/2025\/05\/fallbackhp-e1746726336572.png\" class=\"attachment-full size-full wp-image-1322\" alt=\"\" srcset=\"https:\/\/slawa-savin.de\/wp-content\/uploads\/2025\/05\/fallbackhp-e1746726336572.png 2000w, https:\/\/slawa-savin.de\/wp-content\/uploads\/2025\/05\/fallbackhp-e1746726336572-300x129.png 300w, https:\/\/slawa-savin.de\/wp-content\/uploads\/2025\/05\/fallbackhp-e1746726336572-1024x439.png 1024w, https:\/\/slawa-savin.de\/wp-content\/uploads\/2025\/05\/fallbackhp-e1746726336572-768x329.png 768w, https:\/\/slawa-savin.de\/wp-content\/uploads\/2025\/05\/fallbackhp-e1746726336572-1536x658.png 1536w\" sizes=\"(max-width: 2000px) 100vw, 2000px\" \/>\t\t\t\t\t\t\t\t\t\t\t\t\t\t\t<\/div>\n\t\t\t\t<\/div>\n\t\t\t\t<div class=\"elementor-element elementor-element-36d1906f elementor-widget elementor-widget-icon-box\" data-id=\"36d1906f\" data-element_type=\"widget\" data-e-type=\"widget\" data-widget_type=\"icon-box.default\">\n\t\t\t\t<div class=\"elementor-widget-container\">\n\t\t\t\t\t\t\t<div class=\"elementor-icon-box-wrapper\">\n\n\t\t\t\n\t\t\t\t\t\t<div class=\"elementor-icon-box-content\">\n\n\t\t\t\t\t\t\t\t\t<h3 class=\"elementor-icon-box-title\">\n\t\t\t\t\t\t<span  >\n\t\t\t\t\t\t\tZweite Sitzung \t\t\t\t\t\t<\/span>\n\t\t\t\t\t<\/h3>\n\t\t\t\t\n\t\t\t\t\t\t\t\t\t<p class=\"elementor-icon-box-description\">\n\t\t\t\t\t\tIn der zweiten Sitzung verfeinern wir das abgeheilte Ergebnis. Die Pigmentierung wird gezielt verdichtet, indem weitere Mikropunkte in die Zwischenr\u00e4ume gesetzt werden \u2013 so entsteht bereits jetzt der Eindruck eines gleichm\u00e4\u00dfigen Haarbilds in 2D.\t\t\t\t\t<\/p>\n\t\t\t\t\n\t\t\t<\/div>\n\t\t\t\n\t\t<\/div>\n\t\t\t\t\t\t<\/div>\n\t\t\t\t<\/div>\n\t\t\t\t<div class=\"elementor-element elementor-element-7f23648 elementor-hidden-desktop elementor-hidden-tablet elementor-widget elementor-widget-image\" data-id=\"7f23648\" data-element_type=\"widget\" data-e-type=\"widget\" data-widget_type=\"image.default\">\n\t\t\t\t<div class=\"elementor-widget-container\">\n\t\t\t\t\t\t\t\t\t\t\t\t\t\t\t<img loading=\"lazy\" decoding=\"async\" width=\"816\" height=\"1020\" src=\"https:\/\/slawa-savin.de\/wp-content\/uploads\/2025\/05\/2023-10-26-2.jpg\" class=\"attachment-full size-full wp-image-2055\" alt=\"Nahaufnahme vom Kopf eines Mannes nach Haarpigmentierung bei Slawa Savin\" srcset=\"https:\/\/slawa-savin.de\/wp-content\/uploads\/2025\/05\/2023-10-26-2.jpg 816w, https:\/\/slawa-savin.de\/wp-content\/uploads\/2025\/05\/2023-10-26-2-240x300.jpg 240w, https:\/\/slawa-savin.de\/wp-content\/uploads\/2025\/05\/2023-10-26-2-768x960.jpg 768w\" sizes=\"(max-width: 816px) 100vw, 816px\" \/>\t\t\t\t\t\t\t\t\t\t\t\t\t\t\t<\/div>\n\t\t\t\t<\/div>\n\t\t\t\t<div class=\"elementor-element elementor-element-6b75e124 elementor-widget elementor-widget-icon-box\" data-id=\"6b75e124\" data-element_type=\"widget\" data-e-type=\"widget\" data-widget_type=\"icon-box.default\">\n\t\t\t\t<div class=\"elementor-widget-container\">\n\t\t\t\t\t\t\t<div class=\"elementor-icon-box-wrapper\">\n\n\t\t\t\n\t\t\t\t\t\t<div class=\"elementor-icon-box-content\">\n\n\t\t\t\t\t\t\t\t\t<h3 class=\"elementor-icon-box-title\">\n\t\t\t\t\t\t<span  >\n\t\t\t\t\t\t\tDritte Sitzung\t\t\t\t\t\t<\/span>\n\t\t\t\t\t<\/h3>\n\t\t\t\t\n\t\t\t\t\t\t\t\t\t<p class=\"elementor-icon-box-description\">\n\t\t\t\t\t\tIm letzten Termin sorgen wir f\u00fcr den Feinschliff: Wir nehmen gezielte Nachbesserungen vor und verdichten nochmals die betroffenen Stellen. So entsteht die maximale Dichte \u2013 das finale, t\u00e4uschend echte Ergebnis mit dem sogenannten 3D-Look wird sichtbar.\t\t\t\t\t<\/p>\n\t\t\t\t\n\t\t\t<\/div>\n\t\t\t\n\t\t<\/div>\n\t\t\t\t\t\t<\/div>\n\t\t\t\t<\/div>\n\t\t\t\t<div class=\"elementor-element elementor-element-6bccfb85 elementor-hidden-mobile elementor-widget elementor-widget-image\" data-id=\"6bccfb85\" data-element_type=\"widget\" data-e-type=\"widget\" data-widget_type=\"image.default\">\n\t\t\t\t<div class=\"elementor-widget-container\">\n\t\t\t\t\t\t\t\t\t\t\t\t\t\t\t<img loading=\"lazy\" decoding=\"async\" width=\"816\" height=\"1020\" src=\"https:\/\/slawa-savin.de\/wp-content\/uploads\/2025\/05\/2023-10-26-2.jpg\" class=\"attachment-full size-full wp-image-2055\" alt=\"Nahaufnahme vom Kopf eines Mannes nach Haarpigmentierung bei Slawa Savin\" srcset=\"https:\/\/slawa-savin.de\/wp-content\/uploads\/2025\/05\/2023-10-26-2.jpg 816w, https:\/\/slawa-savin.de\/wp-content\/uploads\/2025\/05\/2023-10-26-2-240x300.jpg 240w, https:\/\/slawa-savin.de\/wp-content\/uploads\/2025\/05\/2023-10-26-2-768x960.jpg 768w\" sizes=\"(max-width: 816px) 100vw, 816px\" \/>\t\t\t\t\t\t\t\t\t\t\t\t\t\t\t<\/div>\n\t\t\t\t<\/div>\n\t\t\t\t<div class=\"elementor-element elementor-element-447b8198 elementor-widget elementor-widget-image\" data-id=\"447b8198\" data-element_type=\"widget\" data-e-type=\"widget\" data-widget_type=\"image.default\">\n\t\t\t\t<div class=\"elementor-widget-container\">\n\t\t\t\t\t\t\t\t\t\t\t\t\t\t\t<img loading=\"lazy\" decoding=\"async\" width=\"1080\" height=\"1348\" src=\"https:\/\/slawa-savin.de\/wp-content\/uploads\/2025\/05\/bahp.jpg\" class=\"attachment-full size-full wp-image-1333\" alt=\"\" srcset=\"https:\/\/slawa-savin.de\/wp-content\/uploads\/2025\/05\/bahp.jpg 1080w, https:\/\/slawa-savin.de\/wp-content\/uploads\/2025\/05\/bahp-240x300.jpg 240w, https:\/\/slawa-savin.de\/wp-content\/uploads\/2025\/05\/bahp-820x1024.jpg 820w, https:\/\/slawa-savin.de\/wp-content\/uploads\/2025\/05\/bahp-768x959.jpg 768w\" sizes=\"(max-width: 1080px) 100vw, 1080px\" \/>\t\t\t\t\t\t\t\t\t\t\t\t\t\t\t<\/div>\n\t\t\t\t<\/div>\n\t\t\t\t<div class=\"elementor-element elementor-element-2886b995 elementor-widget elementor-widget-icon-box\" data-id=\"2886b995\" data-element_type=\"widget\" data-e-type=\"widget\" data-widget_type=\"icon-box.default\">\n\t\t\t\t<div class=\"elementor-widget-container\">\n\t\t\t\t\t\t\t<div class=\"elementor-icon-box-wrapper\">\n\n\t\t\t\n\t\t\t\t\t\t<div class=\"elementor-icon-box-content\">\n\n\t\t\t\t\t\t\t\t\t<h3 class=\"elementor-icon-box-title\">\n\t\t\t\t\t\t<span  >\n\t\t\t\t\t\t\tKorrektur (nach ca. 4\u20136 Wochen)\t\t\t\t\t\t<\/span>\n\t\t\t\t\t<\/h3>\n\t\t\t\t\n\t\t\t\t\t\t\t\t\t<p class=\"elementor-icon-box-description\">\n\t\t\t\t\t\tNach der Heilungsphase folgt bei Bedarf die abschlie\u00dfende Korrektur.\nDabei wird das Ergebnis sorgf\u00e4ltig \u00fcberpr\u00fcft und bei Bedarf pr\u00e4zise nachgearbeitet \u2013 f\u00fcr ein dauerhaft sch\u00f6nes, perfektes Ergebnis.\t\t\t\t\t<\/p>\n\t\t\t\t\n\t\t\t<\/div>\n\t\t\t\n\t\t<\/div>\n\t\t\t\t\t\t<\/div>\n\t\t\t\t<\/div>\n\t\t\t\t<\/div>\n\t\t<div class=\"elementor-element elementor-element-68e05e0f e-con-full e-flex e-con e-child\" data-id=\"68e05e0f\" data-element_type=\"container\" data-e-type=\"container\">\n\t\t\t\t<div class=\"elementor-element elementor-element-1879ba15 elementor-align-center elementor-invisible elementor-widget elementor-widget-button\" data-id=\"1879ba15\" data-element_type=\"widget\" data-e-type=\"widget\" data-settings=\"{&quot;_animation&quot;:&quot;fadeIn&quot;,&quot;_animation_delay&quot;:400}\" data-widget_type=\"button.default\">\n\t\t\t\t<div class=\"elementor-widget-container\">\n\t\t\t\t\t\t\t\t\t<div class=\"elementor-button-wrapper\">\n\t\t\t\t\t<a class=\"elementor-button elementor-button-link elementor-size-sm\" href=\"https:\/\/slawa-savin.de\/index.php\/online-terminvereinbarung-bei-slawa-savin-permanent-make-up-studio\/\">\n\t\t\t\t\t\t<span class=\"elementor-button-content-wrapper\">\n\t\t\t\t\t\t\t\t\t<span class=\"elementor-button-text\">Termin Buchen<\/span>\n\t\t\t\t\t<\/span>\n\t\t\t\t\t<\/a>\n\t\t\t\t<\/div>\n\t\t\t\t\t\t\t\t<\/div>\n\t\t\t\t<\/div>\n\t\t\t\t<div class=\"elementor-element elementor-element-46a8612a elementor-align-center elementor-invisible elementor-widget elementor-widget-button\" data-id=\"46a8612a\" data-element_type=\"widget\" data-e-type=\"widget\" data-settings=\"{&quot;_animation&quot;:&quot;fadeIn&quot;,&quot;_animation_delay&quot;:400}\" data-widget_type=\"button.default\">\n\t\t\t\t<div class=\"elementor-widget-container\">\n\t\t\t\t\t\t\t\t\t<div class=\"elementor-button-wrapper\">\n\t\t\t\t\t<a class=\"elementor-button elementor-button-link elementor-size-sm elementor-animation-grow\" href=\"https:\/\/slawa-savin.de\/index.php\/online-terminvereinbarung-bei-slawa-savin-permanent-make-up-studio\/\">\n\t\t\t\t\t\t<span class=\"elementor-button-content-wrapper\">\n\t\t\t\t\t\t\t\t\t<span class=\"elementor-button-text\">Unverbindlich Beraten lassen<\/span>\n\t\t\t\t\t<\/span>\n\t\t\t\t\t<\/a>\n\t\t\t\t<\/div>\n\t\t\t\t\t\t\t\t<\/div>\n\t\t\t\t<\/div>\n\t\t\t\t<\/div>\n\t\t\t\t\t<\/div>\n\t\t\t\t<\/div>\n\t\t<div class=\"elementor-element elementor-element-5b8bb0a9 e-flex e-con-boxed e-con e-parent\" data-id=\"5b8bb0a9\" data-element_type=\"container\" data-e-type=\"container\" data-settings=\"{&quot;background_background&quot;:&quot;classic&quot;}\">\n\t\t\t\t\t<div class=\"e-con-inner\">\n\t\t<div class=\"elementor-element elementor-element-d0f4d92 e-con-full elementor-hidden-mobile e-flex elementor-invisible e-con e-child\" data-id=\"d0f4d92\" data-element_type=\"container\" data-e-type=\"container\" data-settings=\"{&quot;background_background&quot;:&quot;classic&quot;,&quot;animation&quot;:&quot;fadeIn&quot;}\">\n\t\t\t\t<div class=\"elementor-element elementor-element-ddda7ee elementor-hidden-desktop elementor-hidden-tablet elementor-hidden-mobile elementor-invisible elementor-widget elementor-widget-image\" data-id=\"ddda7ee\" data-element_type=\"widget\" data-e-type=\"widget\" data-settings=\"{&quot;_animation&quot;:&quot;fadeIn&quot;,&quot;_animation_delay&quot;:200}\" data-widget_type=\"image.default\">\n\t\t\t\t<div class=\"elementor-widget-container\">\n\t\t\t\t\t\t\t\t\t\t\t\t\t\t\t<img loading=\"lazy\" decoding=\"async\" width=\"683\" height=\"1024\" src=\"https:\/\/slawa-savin.de\/wp-content\/uploads\/2025\/05\/healing-haar-683x1024.png\" class=\"attachment-large size-large wp-image-1216\" alt=\"Nahaufnahme w\u00e4hrend der Haarpigmentierung bei einem Mann im Studio Slawa Savin\" srcset=\"https:\/\/slawa-savin.de\/wp-content\/uploads\/2025\/05\/healing-haar-683x1024.png 683w, https:\/\/slawa-savin.de\/wp-content\/uploads\/2025\/05\/healing-haar-200x300.png 200w, https:\/\/slawa-savin.de\/wp-content\/uploads\/2025\/05\/healing-haar-768x1152.png 768w, https:\/\/slawa-savin.de\/wp-content\/uploads\/2025\/05\/healing-haar.png 1000w\" sizes=\"(max-width: 683px) 100vw, 683px\" \/>\t\t\t\t\t\t\t\t\t\t\t\t\t\t\t<\/div>\n\t\t\t\t<\/div>\n\t\t\t\t<\/div>\n\t\t<div class=\"elementor-element elementor-element-41210e27 e-con-full e-flex e-con e-child\" data-id=\"41210e27\" data-element_type=\"container\" data-e-type=\"container\">\n\t\t\t\t<div class=\"elementor-element elementor-element-251ba1c0 elementor-widget__width-inherit elementor-invisible elementor-widget elementor-widget-text-editor\" data-id=\"251ba1c0\" data-element_type=\"widget\" data-e-type=\"widget\" data-settings=\"{&quot;_animation&quot;:&quot;fadeIn&quot;}\" data-widget_type=\"text-editor.default\">\n\t\t\t\t<div class=\"elementor-widget-container\">\n\t\t\t\t\t\t\t\t\t<p>Heilung<\/p>\t\t\t\t\t\t\t\t<\/div>\n\t\t\t\t<\/div>\n\t\t\t\t<div class=\"elementor-element elementor-element-2a8cc462 elementor-hidden-desktop elementor-hidden-tablet elementor-invisible elementor-widget elementor-widget-elementskit-heading\" data-id=\"2a8cc462\" data-element_type=\"widget\" data-e-type=\"widget\" data-settings=\"{&quot;_animation&quot;:&quot;fadeIn&quot;,&quot;_animation_delay&quot;:200}\" data-widget_type=\"elementskit-heading.default\">\n\t\t\t\t<div class=\"elementor-widget-container\">\n\t\t\t\t\t<div class=\"ekit-wid-con\" ><div class=\"ekit-heading elementskit-section-title-wraper text_left   ekit_heading_tablet-   ekit_heading_mobile-text_center\"><h2 class=\"ekit-heading--title elementskit-section-title \"><span><span>Heilungsphase<\/span><\/span> nach der Haar-pigmentierung<\/h2><\/div><\/div>\t\t\t\t<\/div>\n\t\t\t\t<\/div>\n\t\t\t\t<div class=\"elementor-element elementor-element-815b5fe elementor-hidden-mobile elementor-invisible elementor-widget elementor-widget-elementskit-heading\" data-id=\"815b5fe\" data-element_type=\"widget\" data-e-type=\"widget\" data-settings=\"{&quot;_animation&quot;:&quot;fadeIn&quot;,&quot;_animation_delay&quot;:200}\" data-widget_type=\"elementskit-heading.default\">\n\t\t\t\t<div class=\"elementor-widget-container\">\n\t\t\t\t\t<div class=\"ekit-wid-con\" ><div class=\"ekit-heading elementskit-section-title-wraper text_left   ekit_heading_tablet-   ekit_heading_mobile-text_center\"><h2 class=\"ekit-heading--title elementskit-section-title \"><span><span>Heilungsphase<\/span><\/span> nach der Haarpigmentierung<\/h2><\/div><\/div>\t\t\t\t<\/div>\n\t\t\t\t<\/div>\n\t\t\t\t<div class=\"elementor-element elementor-element-15617a7a elementor-invisible elementor-widget elementor-widget-text-editor\" data-id=\"15617a7a\" data-element_type=\"widget\" data-e-type=\"widget\" data-settings=\"{&quot;_animation&quot;:&quot;fadeIn&quot;,&quot;_animation_delay&quot;:400}\" data-widget_type=\"text-editor.default\">\n\t\t\t\t<div class=\"elementor-widget-container\">\n\t\t\t\t\t\t\t\t\t<p class=\"p1\">In den ersten Tagen nach der Behandlung verblassen die Pigmente um etwa 30\u202f% \u2013 abh\u00e4ngig von deiner Hautstruktur, Pflege, dem Stoffwechsel und ein paar anderen nicht beeinflussbaren Faktoren.<\/p><p class=\"p1\">Dieser Prozess ist vollkommen normal, gewollt und bereits bei der Planung ber\u00fccksichtigt.<\/p><p class=\"p1\">Gerade nach der ersten Sitzung kann es sein, dass die Pigmente nach rund einer Woche nur noch sehr schwach sichtbar sind. <span class=\"s1\"><b>Keine Sorge! <\/b><\/span><\/p><p class=\"p1\"><b><\/b>F\u00fcr ein nat\u00fcrliches Ergebnis ist dieser helle Pigmenteffekt genau das, was wir brauchen.<\/p><p class=\"p1\">Es kann sich nach einigen Tagen ein feiner Schorf bilden, der sich nach und nach selbstst\u00e4ndig abl\u00f6st. Auch Juckreiz oder leichte Schuppenbildung sind typische Reaktionen der Haut und sollten nach kurzer Zeit wieder verschwinden. Mit der passenden Pflege, die du von uns erh\u00e4ltst, treten diese Symptome nur selten oder gar nicht auf.<\/p>\t\t\t\t\t\t\t\t<\/div>\n\t\t\t\t<\/div>\n\t\t<div class=\"elementor-element elementor-element-7b302a96 e-con-full e-flex e-con e-child\" data-id=\"7b302a96\" data-element_type=\"container\" data-e-type=\"container\">\n\t\t\t\t<div class=\"elementor-element elementor-element-efcac4b elementor-invisible elementor-widget elementor-widget-heading\" data-id=\"efcac4b\" data-element_type=\"widget\" data-e-type=\"widget\" data-settings=\"{&quot;_animation&quot;:&quot;fadeIn&quot;}\" data-widget_type=\"heading.default\">\n\t\t\t\t<div class=\"elementor-widget-container\">\n\t\t\t\t\t<h3 class=\"elementor-heading-title elementor-size-default\">Wichtig!<\/h3>\t\t\t\t<\/div>\n\t\t\t\t<\/div>\n\t\t\t\t<div class=\"elementor-element elementor-element-651aca7 elementor-widget elementor-widget-text-editor\" data-id=\"651aca7\" data-element_type=\"widget\" data-e-type=\"widget\" data-widget_type=\"text-editor.default\">\n\t\t\t\t<div class=\"elementor-widget-container\">\n\t\t\t\t\t\t\t\t\t<p class=\"p1\"><strong>Den Juckreiz bitte unbedingt aushalten! <\/strong>Kratzen oder das Entfernen kleiner Krusten f\u00fchrt h\u00e4ufig dazu, dass auch Pigmentpartikel mit herausgezogen werden \u2013 das kann zu L\u00fccken im Gesamtbild der Pigmentierung f\u00fchren.<\/p><p class=\"p1\">In der Regel ist bei gesunder Kopfhaut der Heilungsprozess nach ca. <span class=\"s1\"><b>10 Tagen abgeschlossen<\/b><\/span>, sodass anschlie\u00dfend die n\u00e4chste Sitzung zur weiteren Verdichtung oder Korrektur erfolgen kann.<\/p><p class=\"p1\">Nach jeder Sitzung erh\u00e4ltst du von uns ausf\u00fchrliche Pflegehinweise. Und falls du Fragen hast \u2013 wir sind jederzeit f\u00fcr dich erreichbar.<\/p>\t\t\t\t\t\t\t\t<\/div>\n\t\t\t\t<\/div>\n\t\t<div class=\"elementor-element elementor-element-8e5f6c9 e-con-full elementor-hidden-mobile e-flex e-con e-child\" data-id=\"8e5f6c9\" data-element_type=\"container\" data-e-type=\"container\">\n\t\t\t\t<div class=\"elementor-element elementor-element-e6fab4a elementor-align-center elementor-invisible elementor-widget elementor-widget-button\" data-id=\"e6fab4a\" data-element_type=\"widget\" data-e-type=\"widget\" data-settings=\"{&quot;_animation&quot;:&quot;fadeIn&quot;,&quot;_animation_delay&quot;:400}\" data-widget_type=\"button.default\">\n\t\t\t\t<div class=\"elementor-widget-container\">\n\t\t\t\t\t\t\t\t\t<div class=\"elementor-button-wrapper\">\n\t\t\t\t\t<a class=\"elementor-button elementor-button-link elementor-size-sm\" href=\"https:\/\/slawa-savin.de\/index.php\/online-terminvereinbarung-bei-slawa-savin-permanent-make-up-studio\/\">\n\t\t\t\t\t\t<span class=\"elementor-button-content-wrapper\">\n\t\t\t\t\t\t\t\t\t<span class=\"elementor-button-text\">Termin Buchen<\/span>\n\t\t\t\t\t<\/span>\n\t\t\t\t\t<\/a>\n\t\t\t\t<\/div>\n\t\t\t\t\t\t\t\t<\/div>\n\t\t\t\t<\/div>\n\t\t\t\t<div class=\"elementor-element elementor-element-9a0107e elementor-align-center elementor-invisible elementor-widget elementor-widget-button\" data-id=\"9a0107e\" data-element_type=\"widget\" data-e-type=\"widget\" data-settings=\"{&quot;_animation&quot;:&quot;fadeIn&quot;,&quot;_animation_delay&quot;:400}\" data-widget_type=\"button.default\">\n\t\t\t\t<div class=\"elementor-widget-container\">\n\t\t\t\t\t\t\t\t\t<div class=\"elementor-button-wrapper\">\n\t\t\t\t\t<a class=\"elementor-button elementor-button-link elementor-size-sm elementor-animation-grow\" href=\"https:\/\/slawa-savin.de\/index.php\/online-terminvereinbarung-bei-slawa-savin-permanent-make-up-studio\/\">\n\t\t\t\t\t\t<span class=\"elementor-button-content-wrapper\">\n\t\t\t\t\t\t\t\t\t<span class=\"elementor-button-text\">Unverbindlich Beraten lassen<\/span>\n\t\t\t\t\t<\/span>\n\t\t\t\t\t<\/a>\n\t\t\t\t<\/div>\n\t\t\t\t\t\t\t\t<\/div>\n\t\t\t\t<\/div>\n\t\t\t\t<\/div>\n\t\t<div class=\"elementor-element elementor-element-fb0b1ee e-con-full elementor-hidden-desktop elementor-hidden-tablet elementor-hidden-mobile e-flex e-con e-child\" data-id=\"fb0b1ee\" data-element_type=\"container\" data-e-type=\"container\">\n\t\t\t\t<div class=\"elementor-element elementor-element-1cc6aba elementor-align-center elementor-invisible elementor-widget elementor-widget-button\" data-id=\"1cc6aba\" data-element_type=\"widget\" data-e-type=\"widget\" data-settings=\"{&quot;_animation&quot;:&quot;fadeIn&quot;,&quot;_animation_delay&quot;:400}\" data-widget_type=\"button.default\">\n\t\t\t\t<div class=\"elementor-widget-container\">\n\t\t\t\t\t\t\t\t\t<div class=\"elementor-button-wrapper\">\n\t\t\t\t\t<a class=\"elementor-button elementor-button-link elementor-size-sm\" href=\"https:\/\/slawa-savin.de\/index.php\/online-terminvereinbarung-bei-slawa-savin-permanent-make-up-studio\/\">\n\t\t\t\t\t\t<span class=\"elementor-button-content-wrapper\">\n\t\t\t\t\t\t\t\t\t<span class=\"elementor-button-text\">Termin Buchen<\/span>\n\t\t\t\t\t<\/span>\n\t\t\t\t\t<\/a>\n\t\t\t\t<\/div>\n\t\t\t\t\t\t\t\t<\/div>\n\t\t\t\t<\/div>\n\t\t\t\t<div class=\"elementor-element elementor-element-43b6314 elementor-align-center elementor-invisible elementor-widget elementor-widget-button\" data-id=\"43b6314\" data-element_type=\"widget\" data-e-type=\"widget\" data-settings=\"{&quot;_animation&quot;:&quot;fadeIn&quot;,&quot;_animation_delay&quot;:400}\" data-widget_type=\"button.default\">\n\t\t\t\t<div class=\"elementor-widget-container\">\n\t\t\t\t\t\t\t\t\t<div class=\"elementor-button-wrapper\">\n\t\t\t\t\t<a class=\"elementor-button elementor-button-link elementor-size-sm elementor-animation-grow\" href=\"https:\/\/slawa-savin.de\/index.php\/online-terminvereinbarung-bei-slawa-savin-permanent-make-up-studio\/\">\n\t\t\t\t\t\t<span class=\"elementor-button-content-wrapper\">\n\t\t\t\t\t\t\t\t\t<span class=\"elementor-button-text\">Unverbindlich Beraten lassen<\/span>\n\t\t\t\t\t<\/span>\n\t\t\t\t\t<\/a>\n\t\t\t\t<\/div>\n\t\t\t\t\t\t\t\t<\/div>\n\t\t\t\t<\/div>\n\t\t\t\t<\/div>\n\t\t\t\t<\/div>\n\t\t\t\t<\/div>\n\t\t<div class=\"elementor-element elementor-element-4211143 e-con-full elementor-hidden-desktop elementor-hidden-tablet e-flex e-con e-child\" data-id=\"4211143\" data-element_type=\"container\" data-e-type=\"container\">\n\t\t\t\t<div class=\"elementor-element elementor-element-f9a3aa9 elementor-align-center elementor-invisible elementor-widget elementor-widget-button\" data-id=\"f9a3aa9\" data-element_type=\"widget\" data-e-type=\"widget\" data-settings=\"{&quot;_animation&quot;:&quot;fadeIn&quot;,&quot;_animation_delay&quot;:400}\" data-widget_type=\"button.default\">\n\t\t\t\t<div class=\"elementor-widget-container\">\n\t\t\t\t\t\t\t\t\t<div class=\"elementor-button-wrapper\">\n\t\t\t\t\t<a class=\"elementor-button elementor-button-link elementor-size-sm\" href=\"https:\/\/slawa-savin.de\/index.php\/online-terminvereinbarung-bei-slawa-savin-permanent-make-up-studio\/\">\n\t\t\t\t\t\t<span class=\"elementor-button-content-wrapper\">\n\t\t\t\t\t\t\t\t\t<span class=\"elementor-button-text\">Termin Buchen<\/span>\n\t\t\t\t\t<\/span>\n\t\t\t\t\t<\/a>\n\t\t\t\t<\/div>\n\t\t\t\t\t\t\t\t<\/div>\n\t\t\t\t<\/div>\n\t\t\t\t<div class=\"elementor-element elementor-element-c60bb03 elementor-align-center elementor-invisible elementor-widget elementor-widget-button\" data-id=\"c60bb03\" data-element_type=\"widget\" data-e-type=\"widget\" data-settings=\"{&quot;_animation&quot;:&quot;fadeIn&quot;,&quot;_animation_delay&quot;:400}\" data-widget_type=\"button.default\">\n\t\t\t\t<div class=\"elementor-widget-container\">\n\t\t\t\t\t\t\t\t\t<div class=\"elementor-button-wrapper\">\n\t\t\t\t\t<a class=\"elementor-button elementor-button-link elementor-size-sm elementor-animation-grow\" href=\"https:\/\/slawa-savin.de\/index.php\/online-terminvereinbarung-bei-slawa-savin-permanent-make-up-studio\/\">\n\t\t\t\t\t\t<span class=\"elementor-button-content-wrapper\">\n\t\t\t\t\t\t\t\t\t<span class=\"elementor-button-text\">Unverbindlich Beraten lassen<\/span>\n\t\t\t\t\t<\/span>\n\t\t\t\t\t<\/a>\n\t\t\t\t<\/div>\n\t\t\t\t\t\t\t\t<\/div>\n\t\t\t\t<\/div>\n\t\t\t\t<\/div>\n\t\t\t\t\t<\/div>\n\t\t\t\t<\/div>\n\t\t<div class=\"elementor-element elementor-element-1969bdfa e-flex e-con-boxed e-con e-parent\" data-id=\"1969bdfa\" data-element_type=\"container\" data-e-type=\"container\" data-settings=\"{&quot;background_background&quot;:&quot;classic&quot;}\">\n\t\t\t\t\t<div class=\"e-con-inner\">\n\t\t<div class=\"elementor-element elementor-element-61a2a00d e-con-full e-transform elementor-hidden-mobile e-flex elementor-invisible e-con e-child\" data-id=\"61a2a00d\" data-element_type=\"container\" data-e-type=\"container\" data-settings=\"{&quot;background_background&quot;:&quot;classic&quot;,&quot;animation&quot;:&quot;fadeIn&quot;,&quot;_transform_flipX_effect&quot;:&quot;transform&quot;}\">\n\t\t\t\t<div class=\"elementor-element elementor-element-7151748 elementor-widget-divider--view-line elementor-widget elementor-widget-divider\" data-id=\"7151748\" data-element_type=\"widget\" data-e-type=\"widget\" data-widget_type=\"divider.default\">\n\t\t\t\t<div class=\"elementor-widget-container\">\n\t\t\t\t\t\t\t<div class=\"elementor-divider\">\n\t\t\t<span class=\"elementor-divider-separator\">\n\t\t\t\t\t\t<\/span>\n\t\t<\/div>\n\t\t\t\t\t\t<\/div>\n\t\t\t\t<\/div>\n\t\t\t\t<\/div>\n\t\t<div class=\"elementor-element elementor-element-40248fd7 e-con-full e-flex e-con e-child\" data-id=\"40248fd7\" data-element_type=\"container\" data-e-type=\"container\">\n\t\t\t\t<div class=\"elementor-element elementor-element-2046130 elementor-widget__width-inherit elementor-invisible elementor-widget elementor-widget-text-editor\" data-id=\"2046130\" data-element_type=\"widget\" data-e-type=\"widget\" data-settings=\"{&quot;_animation&quot;:&quot;fadeIn&quot;}\" data-widget_type=\"text-editor.default\">\n\t\t\t\t<div class=\"elementor-widget-container\">\n\t\t\t\t\t\t\t\t\t<p>FAQ<\/p>\t\t\t\t\t\t\t\t<\/div>\n\t\t\t\t<\/div>\n\t\t\t\t<div class=\"elementor-element elementor-element-2304f231 elementor-invisible elementor-widget elementor-widget-elementskit-heading\" data-id=\"2304f231\" data-element_type=\"widget\" data-e-type=\"widget\" data-settings=\"{&quot;_animation&quot;:&quot;fadeIn&quot;,&quot;_animation_delay&quot;:200}\" data-widget_type=\"elementskit-heading.default\">\n\t\t\t\t<div class=\"elementor-widget-container\">\n\t\t\t\t\t<div class=\"ekit-wid-con\" ><div class=\"ekit-heading elementskit-section-title-wraper text_left   ekit_heading_tablet-   ekit_heading_mobile-text_center\"><h2 class=\"ekit-heading--title elementskit-section-title \">Was du wirklich <span><span>wissen<\/span><\/span> willst.<\/h2><\/div><\/div>\t\t\t\t<\/div>\n\t\t\t\t<\/div>\n\t\t\t\t<div class=\"elementor-element elementor-element-15b0fc6c elementor-widget__width-inherit elementor-invisible elementor-widget elementor-widget-elementskit-accordion\" data-id=\"15b0fc6c\" data-element_type=\"widget\" data-e-type=\"widget\" data-settings=\"{&quot;_animation&quot;:&quot;fadeIn&quot;,&quot;_animation_delay&quot;:400}\" data-widget_type=\"elementskit-accordion.default\">\n\t\t\t\t<div class=\"elementor-widget-container\">\n\t\t\t\t\t<div class=\"ekit-wid-con\" >\n        <div class=\"elementskit-accordion accoedion-primary\" id=\"accordion-69f1bc051b0ee\">\n\n            \n                <div class=\"elementskit-card \">\n                    <div class=\"elementskit-card-header\" id=\"primaryHeading-0-15b0fc6c\">\n                        <a href=\"#collapse-f2301cb69f1bc051b0ee\" class=\"ekit-accordion--toggler elementskit-btn-link collapsed\" data-ekit-toggle=\"collapse\" data-target=\"#Collapse-f2301cb69f1bc051b0ee\" aria-expanded=\"false\" aria-controls=\"Collapse-f2301cb69f1bc051b0ee\">\n                            \n                            <span class=\"ekit-accordion-title\">Wie lange h\u00e4lt die Haarpigmentierung?<\/span>\n\n                            \n                                <div class=\"ekit_accordion_icon_group\">\n                                    <div class=\"ekit_accordion_normal_icon\">\n                                        <!-- Normal Icon -->\n\t\t\t\t\t\t\t\t\t\t<i class=\"icon icon-plus\"><\/i>                                    <\/div>\n\n                                    <div class=\"ekit_accordion_active_icon\">\n                                        <!-- Active Icon -->\n\t\t\t\t\t\t\t\t\t\t<i class=\"icon icon-cross\"><\/i>                                    <\/div>\n                                <\/div>\n\n                            \n                                                    <\/a>\n                    <\/div>\n\n                    <div id=\"Collapse-f2301cb69f1bc051b0ee\" class=\" collapse\" aria-labelledby=\"primaryHeading-0-15b0fc6c\" data-parent=\"#accordion-69f1bc051b0ee\">\n\n                        <div class=\"elementskit-card-body ekit-accordion--content\">\n                            <p class=\"p1\">Die Pigmentierung h\u00e4lt in der Regel 3\u20135 Jahre, je nach Hauttyp, Pflege und Lebensstil. Danach ist eine Auffrischung m\u00f6glich.<\/p>                        <\/div>\n\n                    <\/div>\n\n                <\/div><!-- .elementskit-card END -->\n\n                \n                <div class=\"elementskit-card \">\n                    <div class=\"elementskit-card-header\" id=\"primaryHeading-1-15b0fc6c\">\n                        <a href=\"#collapse-68ccdef69f1bc051b0ee\" class=\"ekit-accordion--toggler elementskit-btn-link collapsed\" data-ekit-toggle=\"collapse\" data-target=\"#Collapse-68ccdef69f1bc051b0ee\" aria-expanded=\"false\" aria-controls=\"Collapse-68ccdef69f1bc051b0ee\">\n                            \n                            <span class=\"ekit-accordion-title\">Sieht das wirklich nat\u00fcrlich aus?<\/span>\n\n                            \n                                <div class=\"ekit_accordion_icon_group\">\n                                    <div class=\"ekit_accordion_normal_icon\">\n                                        <!-- Normal Icon -->\n\t\t\t\t\t\t\t\t\t\t<i class=\"icon icon-plus\"><\/i>                                    <\/div>\n\n                                    <div class=\"ekit_accordion_active_icon\">\n                                        <!-- Active Icon -->\n\t\t\t\t\t\t\t\t\t\t<i class=\"icon icon-cross\"><\/i>                                    <\/div>\n                                <\/div>\n\n                            \n                                                    <\/a>\n                    <\/div>\n\n                    <div id=\"Collapse-68ccdef69f1bc051b0ee\" class=\" collapse\" aria-labelledby=\"primaryHeading-1-15b0fc6c\" data-parent=\"#accordion-69f1bc051b0ee\">\n\n                        <div class=\"elementskit-card-body ekit-accordion--content\">\n                            <p class=\"p1\">Die feinen Pigmentpunkte werden so gesetzt, dass sie echten Haarfollikeln t\u00e4uschend \u00e4hnlich sehen \u2013 in Farbe, Form und Anordnung. Besonders bei einem kurz rasierten Look entsteht die Illusion von dichtem Haar oder frisch rasierten Stoppeln.<\/p>                        <\/div>\n\n                    <\/div>\n\n                <\/div><!-- .elementskit-card END -->\n\n                \n                <div class=\"elementskit-card \">\n                    <div class=\"elementskit-card-header\" id=\"primaryHeading-2-15b0fc6c\">\n                        <a href=\"#collapse-9ac536069f1bc051b0ee\" class=\"ekit-accordion--toggler elementskit-btn-link collapsed\" data-ekit-toggle=\"collapse\" data-target=\"#Collapse-9ac536069f1bc051b0ee\" aria-expanded=\"false\" aria-controls=\"Collapse-9ac536069f1bc051b0ee\">\n                            \n                            <span class=\"ekit-accordion-title\">Tut die Behandlung weh?<\/span>\n\n                            \n                                <div class=\"ekit_accordion_icon_group\">\n                                    <div class=\"ekit_accordion_normal_icon\">\n                                        <!-- Normal Icon -->\n\t\t\t\t\t\t\t\t\t\t<i class=\"icon icon-plus\"><\/i>                                    <\/div>\n\n                                    <div class=\"ekit_accordion_active_icon\">\n                                        <!-- Active Icon -->\n\t\t\t\t\t\t\t\t\t\t<i class=\"icon icon-cross\"><\/i>                                    <\/div>\n                                <\/div>\n\n                            \n                                                    <\/a>\n                    <\/div>\n\n                    <div id=\"Collapse-9ac536069f1bc051b0ee\" class=\" collapse\" aria-labelledby=\"primaryHeading-2-15b0fc6c\" data-parent=\"#accordion-69f1bc051b0ee\">\n\n                        <div class=\"elementskit-card-body ekit-accordion--content\">\n                            <p>Die Haarpigmentierung ist in der Regel <span class=\"s1\"><b>gut auszuhalten<\/b><\/span> und wird oft mit einem leichten Kribbeln oder einem feinen Pieksen verglichen \u2013 \u00e4hnlich wie bei einem leichten Kratzen.<\/p><p>Da die Pigmente nur oberfl\u00e4chlich in die Haut eingebracht werden, ist der Eingriff deutlich <span class=\"s1\"><b>schonender als ein Tattoo<\/b><\/span>. Viele Kundinnen und Kunden entspannen sich dabei sogar.<\/p>                        <\/div>\n\n                    <\/div>\n\n                <\/div><!-- .elementskit-card END -->\n\n                \n                <div class=\"elementskit-card \">\n                    <div class=\"elementskit-card-header\" id=\"primaryHeading-3-15b0fc6c\">\n                        <a href=\"#collapse-dda4ea469f1bc051b0ee\" class=\"ekit-accordion--toggler elementskit-btn-link collapsed\" data-ekit-toggle=\"collapse\" data-target=\"#Collapse-dda4ea469f1bc051b0ee\" aria-expanded=\"false\" aria-controls=\"Collapse-dda4ea469f1bc051b0ee\">\n                            \n                            <span class=\"ekit-accordion-title\">F\u00fcr wen ist Haarpigmentierung geeignet?<\/span>\n\n                            \n                                <div class=\"ekit_accordion_icon_group\">\n                                    <div class=\"ekit_accordion_normal_icon\">\n                                        <!-- Normal Icon -->\n\t\t\t\t\t\t\t\t\t\t<i class=\"icon icon-plus\"><\/i>                                    <\/div>\n\n                                    <div class=\"ekit_accordion_active_icon\">\n                                        <!-- Active Icon -->\n\t\t\t\t\t\t\t\t\t\t<i class=\"icon icon-cross\"><\/i>                                    <\/div>\n                                <\/div>\n\n                            \n                                                    <\/a>\n                    <\/div>\n\n                    <div id=\"Collapse-dda4ea469f1bc051b0ee\" class=\" collapse\" aria-labelledby=\"primaryHeading-3-15b0fc6c\" data-parent=\"#accordion-69f1bc051b0ee\">\n\n                        <div class=\"elementskit-card-body ekit-accordion--content\">\n                            <ul><li class=\"p1\">f\u00fcr M\u00e4nner und Frauen mit Haarausfall, Glatze, lichten Stellen oder Narben.<\/li><li class=\"p1\">Ideal, wenn du keine chirurgischen Eingriffe m\u00f6chtest.<\/li><\/ul>                        <\/div>\n\n                    <\/div>\n\n                <\/div><!-- .elementskit-card END -->\n\n                \n                <div class=\"elementskit-card \">\n                    <div class=\"elementskit-card-header\" id=\"primaryHeading-4-15b0fc6c\">\n                        <a href=\"#collapse-2f4630c69f1bc051b0ee\" class=\"ekit-accordion--toggler elementskit-btn-link collapsed\" data-ekit-toggle=\"collapse\" data-target=\"#Collapse-2f4630c69f1bc051b0ee\" aria-expanded=\"false\" aria-controls=\"Collapse-2f4630c69f1bc051b0ee\">\n                            \n                            <span class=\"ekit-accordion-title\">Wie viele Sitzungen sind n\u00f6tig?<\/span>\n\n                            \n                                <div class=\"ekit_accordion_icon_group\">\n                                    <div class=\"ekit_accordion_normal_icon\">\n                                        <!-- Normal Icon -->\n\t\t\t\t\t\t\t\t\t\t<i class=\"icon icon-plus\"><\/i>                                    <\/div>\n\n                                    <div class=\"ekit_accordion_active_icon\">\n                                        <!-- Active Icon -->\n\t\t\t\t\t\t\t\t\t\t<i class=\"icon icon-cross\"><\/i>                                    <\/div>\n                                <\/div>\n\n                            \n                                                    <\/a>\n                    <\/div>\n\n                    <div id=\"Collapse-2f4630c69f1bc051b0ee\" class=\" collapse\" aria-labelledby=\"primaryHeading-4-15b0fc6c\" data-parent=\"#accordion-69f1bc051b0ee\">\n\n                        <div class=\"elementskit-card-body ekit-accordion--content\">\n                            <p class=\"p1\">in der Regel sind 2\u20133 Sitzungen n\u00f6tig, um ein optimales und dauerhaftes Ergebnis zu erzielen.<\/p>                        <\/div>\n\n                    <\/div>\n\n                <\/div><!-- .elementskit-card END -->\n\n                \n                <div class=\"elementskit-card \">\n                    <div class=\"elementskit-card-header\" id=\"primaryHeading-5-15b0fc6c\">\n                        <a href=\"#collapse-89887bc69f1bc051b0ee\" class=\"ekit-accordion--toggler elementskit-btn-link collapsed\" data-ekit-toggle=\"collapse\" data-target=\"#Collapse-89887bc69f1bc051b0ee\" aria-expanded=\"false\" aria-controls=\"Collapse-89887bc69f1bc051b0ee\">\n                            \n                            <span class=\"ekit-accordion-title\">Was kostet eine Haarpigmentierung?<\/span>\n\n                            \n                                <div class=\"ekit_accordion_icon_group\">\n                                    <div class=\"ekit_accordion_normal_icon\">\n                                        <!-- Normal Icon -->\n\t\t\t\t\t\t\t\t\t\t<i class=\"icon icon-plus\"><\/i>                                    <\/div>\n\n                                    <div class=\"ekit_accordion_active_icon\">\n                                        <!-- Active Icon -->\n\t\t\t\t\t\t\t\t\t\t<i class=\"icon icon-cross\"><\/i>                                    <\/div>\n                                <\/div>\n\n                            \n                                                    <\/a>\n                    <\/div>\n\n                    <div id=\"Collapse-89887bc69f1bc051b0ee\" class=\" collapse\" aria-labelledby=\"primaryHeading-5-15b0fc6c\" data-parent=\"#accordion-69f1bc051b0ee\">\n\n                        <div class=\"elementskit-card-body ekit-accordion--content\">\n                            <p class=\"p1\">Je nach Fl\u00e4che und Aufwand startet der Preis <span class=\"s1\">ab ca. 350\u202f\u20ac<\/span>. Die genaue Einsch\u00e4tzung erh\u00e4ltst du im kostenlosen Beratungsgespr\u00e4ch.<\/p>                        <\/div>\n\n                    <\/div>\n\n                <\/div><!-- .elementskit-card END -->\n\n                                        <\/div>\n    <\/div>\t\t\t\t<\/div>\n\t\t\t\t<\/div>\n\t\t\t\t<\/div>\n\t\t\t\t\t<\/div>\n\t\t\t\t<\/div>\n\t\t\t\t<\/div>\n\t\t","protected":false},"excerpt":{"rendered":"<p>HAARPIGMENTIERUNG Zur\u00fcck zu Dir Haarpigmentierung ist mehr als nur Optik. Sie gibt dir das was du irgendwann im Spiegel verloren hast &#8211; dein Selbstvertrauen.\u00a0 Unverbindlich Beraten lassen HAARPIGMENTIERUNG Zur\u00fcck zu Dir Haarpigmentierung ist mehr als nur Optik. Sie gibt dir das was du irgendwann im Spiegel verloren hast &#8211; dein Selbstvertrauen.\u00a0 Unverbindlich Beraten lassen Haarpigmentierung\u00a0 [&hellip;]<\/p>\n","protected":false},"author":1,"featured_media":0,"parent":0,"menu_order":0,"comment_status":"closed","ping_status":"closed","template":"elementor_header_footer","meta":{"footnotes":""},"class_list":["post-1535","page","type-page","status-publish","hentry"],"yoast_head":"<!-- This site is optimized with the Yoast SEO plugin v27.5 - https:\/\/yoast.com\/product\/yoast-seo-wordpress\/ -->\n<title>Haarpigmentierung in Paderborn \u2013 Slawa Savin SMP Studio<\/title>\n<meta name=\"description\" content=\"Volles Haar durch Haarpigmentierung (SMP) in Paderborn \u2013 Slawa Savin kaschiert lichte Stellen nat\u00fcrlich &amp; pr\u00e4zise. Jetzt Termin sichern!\" \/>\n<meta name=\"robots\" content=\"index, follow, max-snippet:-1, max-image-preview:large, max-video-preview:-1\" \/>\n<link rel=\"canonical\" href=\"https:\/\/slawa-savin.de\/index.php\/haarpigmentierung-bei-slawa-savin-scalp-micropigmentation-in-paderborn\/\" \/>\n<meta property=\"og:locale\" content=\"de_DE\" \/>\n<meta property=\"og:type\" content=\"article\" \/>\n<meta property=\"og:title\" content=\"Haarpigmentierung in Paderborn \u2013 Slawa Savin SMP Studio\" \/>\n<meta property=\"og:description\" content=\"Volles Haar durch Haarpigmentierung (SMP) in Paderborn \u2013 Slawa Savin kaschiert lichte Stellen nat\u00fcrlich &amp; pr\u00e4zise. Jetzt Termin sichern!\" \/>\n<meta property=\"og:url\" content=\"https:\/\/slawa-savin.de\/index.php\/haarpigmentierung-bei-slawa-savin-scalp-micropigmentation-in-paderborn\/\" \/>\n<meta property=\"og:site_name\" content=\"Slawa Savin\" \/>\n<meta property=\"article:modified_time\" content=\"2025-08-23T18:38:23+00:00\" \/>\n<meta property=\"og:image\" content=\"https:\/\/slawa-savin.de\/wp-content\/uploads\/2025\/05\/Before-hairpigment-e1746694406462.jpg\" \/>\n\t<meta property=\"og:image:width\" content=\"940\" \/>\n\t<meta property=\"og:image:height\" content=\"1175\" \/>\n\t<meta property=\"og:image:type\" content=\"image\/jpeg\" \/>\n<meta name=\"twitter:card\" content=\"summary_large_image\" \/>\n<meta name=\"twitter:label1\" content=\"Gesch\u00e4tzte Lesezeit\" \/>\n\t<meta name=\"twitter:data1\" content=\"8\u00a0Minuten\" \/>\n<script type=\"application\/ld+json\" class=\"yoast-schema-graph\">{\"@context\":\"https:\\\/\\\/schema.org\",\"@graph\":[{\"@type\":\"WebPage\",\"@id\":\"https:\\\/\\\/slawa-savin.de\\\/index.php\\\/haarpigmentierung-bei-slawa-savin-scalp-micropigmentation-in-paderborn\\\/\",\"url\":\"https:\\\/\\\/slawa-savin.de\\\/index.php\\\/haarpigmentierung-bei-slawa-savin-scalp-micropigmentation-in-paderborn\\\/\",\"name\":\"Haarpigmentierung in Paderborn \u2013 Slawa Savin SMP Studio\",\"isPartOf\":{\"@id\":\"https:\\\/\\\/slawa-savin.de\\\/#website\"},\"primaryImageOfPage\":{\"@id\":\"https:\\\/\\\/slawa-savin.de\\\/index.php\\\/haarpigmentierung-bei-slawa-savin-scalp-micropigmentation-in-paderborn\\\/#primaryimage\"},\"image\":{\"@id\":\"https:\\\/\\\/slawa-savin.de\\\/index.php\\\/haarpigmentierung-bei-slawa-savin-scalp-micropigmentation-in-paderborn\\\/#primaryimage\"},\"thumbnailUrl\":\"https:\\\/\\\/slawa-savin.de\\\/wp-content\\\/uploads\\\/2025\\\/05\\\/Before-hairpigment-819x1024.jpg\",\"datePublished\":\"2025-05-08T20:36:24+00:00\",\"dateModified\":\"2025-08-23T18:38:23+00:00\",\"description\":\"Volles Haar durch Haarpigmentierung (SMP) in Paderborn \u2013 Slawa Savin kaschiert lichte Stellen nat\u00fcrlich & pr\u00e4zise. Jetzt Termin sichern!\",\"breadcrumb\":{\"@id\":\"https:\\\/\\\/slawa-savin.de\\\/index.php\\\/haarpigmentierung-bei-slawa-savin-scalp-micropigmentation-in-paderborn\\\/#breadcrumb\"},\"inLanguage\":\"de\",\"potentialAction\":[{\"@type\":\"ReadAction\",\"target\":[\"https:\\\/\\\/slawa-savin.de\\\/index.php\\\/haarpigmentierung-bei-slawa-savin-scalp-micropigmentation-in-paderborn\\\/\"]}]},{\"@type\":\"ImageObject\",\"inLanguage\":\"de\",\"@id\":\"https:\\\/\\\/slawa-savin.de\\\/index.php\\\/haarpigmentierung-bei-slawa-savin-scalp-micropigmentation-in-paderborn\\\/#primaryimage\",\"url\":\"https:\\\/\\\/slawa-savin.de\\\/wp-content\\\/uploads\\\/2025\\\/05\\\/Before-hairpigment-e1746694406462.jpg\",\"contentUrl\":\"https:\\\/\\\/slawa-savin.de\\\/wp-content\\\/uploads\\\/2025\\\/05\\\/Before-hairpigment-e1746694406462.jpg\",\"width\":940,\"height\":1175},{\"@type\":\"BreadcrumbList\",\"@id\":\"https:\\\/\\\/slawa-savin.de\\\/index.php\\\/haarpigmentierung-bei-slawa-savin-scalp-micropigmentation-in-paderborn\\\/#breadcrumb\",\"itemListElement\":[{\"@type\":\"ListItem\",\"position\":1,\"name\":\"Startseite\",\"item\":\"https:\\\/\\\/slawa-savin.de\\\/\"},{\"@type\":\"ListItem\",\"position\":2,\"name\":\"Haarpigmentierung\"}]},{\"@type\":\"WebSite\",\"@id\":\"https:\\\/\\\/slawa-savin.de\\\/#website\",\"url\":\"https:\\\/\\\/slawa-savin.de\\\/\",\"name\":\"Slawa Savin\",\"description\":\"Haarpigmentierung &amp; Microblading \u2013 dein perfekter Look in Paderborn\",\"potentialAction\":[{\"@type\":\"SearchAction\",\"target\":{\"@type\":\"EntryPoint\",\"urlTemplate\":\"https:\\\/\\\/slawa-savin.de\\\/?s={search_term_string}\"},\"query-input\":{\"@type\":\"PropertyValueSpecification\",\"valueRequired\":true,\"valueName\":\"search_term_string\"}}],\"inLanguage\":\"de\"}]}<\/script>\n<!-- \/ Yoast SEO plugin. -->","yoast_head_json":{"title":"Haarpigmentierung in Paderborn \u2013 Slawa Savin SMP Studio","description":"Volles Haar durch Haarpigmentierung (SMP) in Paderborn \u2013 Slawa Savin kaschiert lichte Stellen nat\u00fcrlich & pr\u00e4zise. Jetzt Termin sichern!","robots":{"index":"index","follow":"follow","max-snippet":"max-snippet:-1","max-image-preview":"max-image-preview:large","max-video-preview":"max-video-preview:-1"},"canonical":"https:\/\/slawa-savin.de\/index.php\/haarpigmentierung-bei-slawa-savin-scalp-micropigmentation-in-paderborn\/","og_locale":"de_DE","og_type":"article","og_title":"Haarpigmentierung in Paderborn \u2013 Slawa Savin SMP Studio","og_description":"Volles Haar durch Haarpigmentierung (SMP) in Paderborn \u2013 Slawa Savin kaschiert lichte Stellen nat\u00fcrlich & pr\u00e4zise. Jetzt Termin sichern!","og_url":"https:\/\/slawa-savin.de\/index.php\/haarpigmentierung-bei-slawa-savin-scalp-micropigmentation-in-paderborn\/","og_site_name":"Slawa Savin","article_modified_time":"2025-08-23T18:38:23+00:00","og_image":[{"width":940,"height":1175,"url":"https:\/\/slawa-savin.de\/wp-content\/uploads\/2025\/05\/Before-hairpigment-e1746694406462.jpg","type":"image\/jpeg"}],"twitter_card":"summary_large_image","twitter_misc":{"Gesch\u00e4tzte Lesezeit":"8\u00a0Minuten"},"schema":{"@context":"https:\/\/schema.org","@graph":[{"@type":"WebPage","@id":"https:\/\/slawa-savin.de\/index.php\/haarpigmentierung-bei-slawa-savin-scalp-micropigmentation-in-paderborn\/","url":"https:\/\/slawa-savin.de\/index.php\/haarpigmentierung-bei-slawa-savin-scalp-micropigmentation-in-paderborn\/","name":"Haarpigmentierung in Paderborn \u2013 Slawa Savin SMP Studio","isPartOf":{"@id":"https:\/\/slawa-savin.de\/#website"},"primaryImageOfPage":{"@id":"https:\/\/slawa-savin.de\/index.php\/haarpigmentierung-bei-slawa-savin-scalp-micropigmentation-in-paderborn\/#primaryimage"},"image":{"@id":"https:\/\/slawa-savin.de\/index.php\/haarpigmentierung-bei-slawa-savin-scalp-micropigmentation-in-paderborn\/#primaryimage"},"thumbnailUrl":"https:\/\/slawa-savin.de\/wp-content\/uploads\/2025\/05\/Before-hairpigment-819x1024.jpg","datePublished":"2025-05-08T20:36:24+00:00","dateModified":"2025-08-23T18:38:23+00:00","description":"Volles Haar durch Haarpigmentierung (SMP) in Paderborn \u2013 Slawa Savin kaschiert lichte Stellen nat\u00fcrlich & pr\u00e4zise. Jetzt Termin sichern!","breadcrumb":{"@id":"https:\/\/slawa-savin.de\/index.php\/haarpigmentierung-bei-slawa-savin-scalp-micropigmentation-in-paderborn\/#breadcrumb"},"inLanguage":"de","potentialAction":[{"@type":"ReadAction","target":["https:\/\/slawa-savin.de\/index.php\/haarpigmentierung-bei-slawa-savin-scalp-micropigmentation-in-paderborn\/"]}]},{"@type":"ImageObject","inLanguage":"de","@id":"https:\/\/slawa-savin.de\/index.php\/haarpigmentierung-bei-slawa-savin-scalp-micropigmentation-in-paderborn\/#primaryimage","url":"https:\/\/slawa-savin.de\/wp-content\/uploads\/2025\/05\/Before-hairpigment-e1746694406462.jpg","contentUrl":"https:\/\/slawa-savin.de\/wp-content\/uploads\/2025\/05\/Before-hairpigment-e1746694406462.jpg","width":940,"height":1175},{"@type":"BreadcrumbList","@id":"https:\/\/slawa-savin.de\/index.php\/haarpigmentierung-bei-slawa-savin-scalp-micropigmentation-in-paderborn\/#breadcrumb","itemListElement":[{"@type":"ListItem","position":1,"name":"Startseite","item":"https:\/\/slawa-savin.de\/"},{"@type":"ListItem","position":2,"name":"Haarpigmentierung"}]},{"@type":"WebSite","@id":"https:\/\/slawa-savin.de\/#website","url":"https:\/\/slawa-savin.de\/","name":"Slawa Savin","description":"Haarpigmentierung &amp; Microblading \u2013 dein perfekter Look in Paderborn","potentialAction":[{"@type":"SearchAction","target":{"@type":"EntryPoint","urlTemplate":"https:\/\/slawa-savin.de\/?s={search_term_string}"},"query-input":{"@type":"PropertyValueSpecification","valueRequired":true,"valueName":"search_term_string"}}],"inLanguage":"de"}]}},"_links":{"self":[{"href":"https:\/\/slawa-savin.de\/index.php\/wp-json\/wp\/v2\/pages\/1535","targetHints":{"allow":["GET"]}}],"collection":[{"href":"https:\/\/slawa-savin.de\/index.php\/wp-json\/wp\/v2\/pages"}],"about":[{"href":"https:\/\/slawa-savin.de\/index.php\/wp-json\/wp\/v2\/types\/page"}],"author":[{"embeddable":true,"href":"https:\/\/slawa-savin.de\/index.php\/wp-json\/wp\/v2\/users\/1"}],"replies":[{"embeddable":true,"href":"https:\/\/slawa-savin.de\/index.php\/wp-json\/wp\/v2\/comments?post=1535"}],"version-history":[{"count":381,"href":"https:\/\/slawa-savin.de\/index.php\/wp-json\/wp\/v2\/pages\/1535\/revisions"}],"predecessor-version":[{"id":4593,"href":"https:\/\/slawa-savin.de\/index.php\/wp-json\/wp\/v2\/pages\/1535\/revisions\/4593"}],"wp:attachment":[{"href":"https:\/\/slawa-savin.de\/index.php\/wp-json\/wp\/v2\/media?parent=1535"}],"curies":[{"name":"wp","href":"https:\/\/api.w.org\/{rel}","templated":true}]}}